{"id":30257,"date":"2021-01-27T08:50:48","date_gmt":"2021-01-27T07:50:48","guid":{"rendered":"https:\/\/fartiamo.ch\/laufende-bauarbeiten-und-beeintraechtigungen\/"},"modified":"2023-12-11T17:30:49","modified_gmt":"2023-12-11T16:30:49","slug":"laufende-bauarbeiten-und-beeintraechtigungen","status":"publish","type":"page","link":"https:\/\/fartiamo.ch\/de\/laufende-bauarbeiten-und-beeintraechtigungen\/","title":{"rendered":"LINEE E SERVIZI \u2013 Laufende Bauarbeiten"},"content":{"rendered":"<div class=\"wpb-content-wrapper\"><p>[vc_row][vc_column][dfd_spacer screen_wide_spacer_size=&#8220;100&#8243; screen_normal_resolution=&#8220;1024&#8243; screen_tablet_resolution=&#8220;800&#8243; screen_mobile_resolution=&#8220;480&#8243; screen_normal_spacer_size=&#8220;80&#8243; screen_tablet_spacer_size=&#8220;60&#8243; screen_mobile_spacer_size=&#8220;40&#8243;][\/vc_column][\/vc_row][vc_row][vc_column][dfd_info_banner img_width=&#8220;150&#8243; img_height=&#8220;&#8220; title=&#8220;&#8220; subtitle=&#8220;&#8220; banner_content=&#8220;&#8220; image=&#8220;29556&#8243; title_font_options=&#8220;tag:div&#8220; subtitle_font_options=&#8220;tag:div&#8220; font_options=&#8220;tag:div&#8220;][dfd_heading style=&#8220;style_06&#8243; subtitle=&#8220;&#8220; module_animation=&#8220;transition.grow&#8220; enable_delimiter=&#8220;&#8220; undefined=&#8220;&#8220; title_font_options=&#8220;tag:h1&#8243; subtitle_font_options=&#8220;tag:h3&#8243; title_responsive=&#8220;font_size_desktop:45|line_height_desktop:55|letter_spacing_desktop:0|font_size_tablet:40|line_height_tablet:50|letter_spacing_tablet:0|font_size_mobile:35|line_height_mobile:45|letter_spacing_mobile:0&#8243; heading_margin=&#8220;margin-top:30|margin-bottom:60&#8243; subtitle_responsive=&#8220;font_size_desktop:26|line_height_desktop:40|letter_spacing_desktop:0|font_size_tablet:24|line_height_tablet:38|letter_spacing_tablet:0|font_size_mobile:22|line_height_mobile:36|letter_spacing_mobile:0&#8243;]Laufende Bauarbeiten[\/dfd_heading][\/vc_column][\/vc_row][vc_row css=&#8220;.vc_custom_1606293049876{padding-right: 25px !important;padding-left: 25px !important;}&#8220;][vc_column][dfd_tta_tour border_radius=&#8220;50&#8243; active_section=&#8220;1&#8243; alignment=&#8220;left&#8220; font_size=&#8220;18&#8243; icon_size=&#8220;&#8220; tab_background=&#8220;#ffffff&#8220; tab_hover_background=&#8220;#2ba3d5&#8243; active_tab_background=&#8220;#2ba3d5&#8243; border_color_radius=&#8220;#2ba3d5&#8243; border_hover_color=&#8220;#2ba3d5&#8243; border_color_active=&#8220;#2ba3d5&#8243; tab_text_color=&#8220;#2ba3d5&#8243; tab_active_color_text=&#8220;#ffffff&#8220; tab_hover_text_color=&#8220;#ffffff&#8220;][vc_tta_section title=&#8220;Aktuelle Meldungen&#8220; tab_id=&#8220;1606292781919-687faf28-a2247dc2-154f&#8220;][vc_column_text]<div>\r\n<p>23.04.2026<br \/><strong>Linie 1: Verlegung und Aufhebung von Haltestellen in Minusio wegen BehiG\u2011Arbeiten<br \/><\/strong>Ab <strong>Montag, 27. April 2026<\/strong>, ab <strong>07:30 Uhr<\/strong>, kommt es auf der <strong>Linie 1<\/strong> in <strong>Minusio<\/strong> zu einer Betriebsst\u00f6rung aufgrund von <strong>Anpassungsarbeiten gem\u00e4ss Behindertengleichstellungsgesetz (BehiG)<\/strong>.<\/p>\r\n<div>\r\n<p>W\u00e4hrend der Bauarbeiten sind folgende \u00c4nderungen vorgesehen:<\/p>\r\n<ul>\r\n<li>\r\n<p>die Haltestellen <strong>Minusio, Piazza<\/strong> werden <strong>in beiden Richtungen vor\u00fcbergehend um ca. 30\u201350 Meter verlegt<\/strong><\/p>\r\n<\/li>\r\n<li>\r\n<p>die Haltestelle <strong>Minusio, Crocifisso<\/strong> in <strong>Richtung Gordola<\/strong> wird <strong>aufgehoben<\/strong>. Die n\u00e4chstgelegenen Haltestellen sind <em>Minusio, Remorino<\/em> und <em>Minusio, Piazza<\/em>.<\/p>\r\n<\/li>\r\n<\/ul>\r\n<p>Die provisorischen Haltestellen sind vor Ort klar gekennzeichnet. Die Fahrg\u00e4ste werden gebeten, die Beschilderung zu beachten und den Online\u2011Fahrplan zu konsultieren.<\/p>\r\n<hr \/><\/div>\r\n<p>15.04.2026<br \/><strong>Linie 311: vor\u00fcbergehende Verlegung der Haltestelle Gordola, Via Crespo wegen Bauarbeiten<br \/><\/strong>Ab <strong>Montag, 20. April 2026<\/strong>, ab <strong>08:00 Uhr<\/strong>, kommt es auf der <strong>Linie 311<\/strong> zu einer Betriebsst\u00f6rung infolge von <strong>Arbeiten zur Erneuerung der Gehwege<\/strong>.<\/p>\r\n<div>\r\n<p>W\u00e4hrend der Bauarbeiten wird die Haltestelle <strong>Gordola, Via Crespo<\/strong> <strong>in beiden Richtungen vor\u00fcbergehend verlegt<\/strong>:<\/p>\r\n<ul>\r\n<li>in <strong>Richtung Locarno<\/strong> wird die Haltestelle um etwa <strong>40 Meter zur\u00fcckversetzt<\/strong><\/li>\r\n<li>in <strong>Richtung Bellinzona<\/strong> wird die Haltestelle um etwa <strong>60 Meter vorverlegt<\/strong><\/li>\r\n<\/ul>\r\n<p>Die provisorischen Haltestellen sind vor Ort durch <strong>tempor\u00e4re Haltestellentafeln<\/strong> gekennzeichnet. Die Fahrg\u00e4ste werden gebeten, die Beschilderung zu beachten und den Online\u2011Fahrplan zu konsultieren.<\/p>\r\n<\/div>\r\n<\/div>\r\n<hr \/>\r\n<p data-start=\"1592\" data-end=\"1679\">19.10.2025<br \/><strong data-start=\"2483\" data-end=\"2559\">Vigezzina-Centovalli-Bahn: Schliessung des Warteraums \u2013 Bahnhof Verdasio<br \/><\/strong>Die FART informiert ihre gesch\u00e4tzten Fahrg\u00e4ste, dass ab <strong data-start=\"2618\" data-end=\"2646\">Montag, 20. Oktober 2025<\/strong> (nach der letzten Fahrt am Sonntag, 19. Oktober) der Warteraum im Bahnhof <em data-start=\"2721\" data-end=\"2731\">Verdasio<\/em> f\u00fcr die \u00d6ffentlichkeit nicht zug\u00e4nglich sein wird.<br \/>Die Schliessung ist notwendig f\u00fcr die Erneuerung der Sicherheitsanlage. Mit der Anpassung des Bahnhofs an das Behindertengesetz (Projekt in Genehmigung) wird die Station neue Warteunterst\u00e4nde erhalten.<\/p>\r\n<hr \/>\r\n<p>19.05.2025<br \/><strong>Vigezzina-Centovalli-Bahn: Arbeiten zur Anpassung der Bahnh\u00f6fe an das Schwerbehindertengesetz (LDis)<\/strong><br \/>Die Vigezzina-Centovallibahn informiert ihre Benutzer, dass im Rahmen der Arbeiten zur Anpassung der Bahnh\u00f6fe an das Behindertengesetz (BehiG):<\/p>\r\n<ul>\r\n<li><strong>Der Bahnhof Ponte Brolla ist bis auf Weiteres f\u00fcr den Publikumsverkehr geschlossen.<\/strong> Der Bahnhof wird von der Linie 315 der Autolinee FART bedient. <a href=\"https:\/\/fartiamo.ch\/de\/linie-315\/\">Weitere Informationen<\/a><\/li>\r\n<li><strong>Die Bahnh\u00f6fe Palagnedra und Corcapolo sind bis auf Weiteres f\u00fcr den Publikumsverkehr geschlossen.<\/strong>\r\n<ul>\r\n<li>Die Haltestellen werden von einer Ersatzbuslinie bedient, die zwischen Intragna und Camedo verkehrt. Die Sitzpl\u00e4tze sind begrenzt und k\u00f6nnen nicht reserviert werden. Es ist mit l\u00e4ngeren Fahrtzeiten zu rechnen. <a href=\"http:\/\/fartiamo.ch\/wp-content\/uploads\/2026\/01\/Servizio-Sostitutivo-Intragna-Camedo-2026.pdf\">Weitere Informationen<\/a><\/li>\r\n<li>Die Z\u00fcge verkehren regelm\u00e4\u00dfig und bedienen die Haltestellen Intragna, Verdasio und Camedo.<\/li>\r\n<\/ul>\r\n<\/li>\r\n<\/ul>\r\n<p><a href=\"https:\/\/fartiamo.ch\/de\/bahnhoefe\/\">Weitere Ausk\u00fcnfte<\/a><\/p>\r\n<hr \/>\r\n<p>08.01.2025<br \/><strong>Linie 4 und 312: Ausfall der Haltestelle wegen Bauarbeiten<\/strong><br \/>FART informiert alle Benutzer, dass die Haltestelle Muralto, Casa S. Agnese in Richtung Locarno FFS aufgrund von Bauarbeiten bis auf Weiteres aufgehoben wird.Bitte benutzen Sie die n\u00e4chstgelegenen Haltestellen: Muralto, Simposio und Muralto, Residenza Montana.<\/p>\r\n<hr \/>\r\n<p>\u00a0 Informieren Sie sich \u00fcber laufende Arbeiten und Unterbrechungen, indem Sie die gew\u00fcnschte Linie aus der Liste ausw\u00e4hlen.<\/p>[\/vc_column_text][dfd_spacer screen_wide_spacer_size=&#8220;60&#8243; screen_normal_resolution=&#8220;1024&#8243; screen_tablet_resolution=&#8220;800&#8243; screen_mobile_resolution=&#8220;480&#8243; screen_normal_spacer_size=&#8220;60&#8243; screen_tablet_spacer_size=&#8220;60&#8243; screen_mobile_spacer_size=&#8220;60&#8243;][\/vc_tta_section][vc_tta_section title=&#8220;Linie 1&#8243; tab_id=&#8220;1608044965711-dd374713-5b94&#8243;][dfd_info_banner img_width=&#8220;150&#8243; img_height=&#8220;&#8220; title=&#8220;&#8220; subtitle=&#8220;&#8220; banner_content=&#8220;&#8220; image=&#8220;29505&#8243; title_font_options=&#8220;tag:div&#8220; subtitle_font_options=&#8220;tag:div&#8220; font_options=&#8220;tag:div&#8220;][dfd_heading subtitle=&#8220;&#8220; enable_delimiter=&#8220;&#8220; undefined=&#8220;&#8220; title_font_options=&#8220;tag:h5|color:%23000000&#8243; subtitle_font_options=&#8220;tag:div&#8220; title_responsive=&#8220;font_size_desktop:40|line_height_desktop:50|letter_spacing_desktop:0|font_size_tablet:40|line_height_tablet:50|letter_spacing_tablet:0|font_size_mobile:40|line_height_mobile:50|letter_spacing_mobile:0&#8243; heading_margin=&#8220;margin-top:15|margin-bottom:30&#8243;]Losone \u2013 Ascona \u2013 Locarno \u2013 Tenero \u2013 Gordola[\/dfd_heading][vc_column_text]<div class=\"wpb_wrapper\">\r\n<div>\r\n<p>23.04.2026<br \/><strong>Linie 1: Verlegung und Aufhebung von Haltestellen in Minusio wegen BehiG\u2011Arbeiten<br \/><\/strong>Ab <strong>Montag, 27. April 2026<\/strong>, ab <strong>07:30 Uhr<\/strong>, kommt es auf der <strong>Linie 1<\/strong> in <strong>Minusio<\/strong> zu einer Betriebsst\u00f6rung aufgrund von <strong>Anpassungsarbeiten gem\u00e4ss Behindertengleichstellungsgesetz (BehiG)<\/strong>.<\/p>\r\n<div>\r\n<p>W\u00e4hrend der Bauarbeiten sind folgende \u00c4nderungen vorgesehen:<\/p>\r\n<ul>\r\n<li>\r\n<p>die Haltestellen <strong>Minusio, Piazza<\/strong> werden <strong>in beiden Richtungen vor\u00fcbergehend um ca. 30\u201350 Meter verlegt<\/strong><\/p>\r\n<\/li>\r\n<li>\r\n<p>die Haltestelle <strong>Minusio, Crocifisso<\/strong> in <strong>Richtung Gordola<\/strong> wird <strong>aufgehoben<\/strong>. Die n\u00e4chstgelegenen Haltestellen sind <em>Minusio, Remorino<\/em> und <em>Minusio, Piazza<\/em>.<\/p>\r\n<\/li>\r\n<\/ul>\r\n<p>Die provisorischen Haltestellen sind vor Ort klar gekennzeichnet. Die Fahrg\u00e4ste werden gebeten, die Beschilderung zu beachten und den Online\u2011Fahrplan zu konsultieren.<\/p>\r\n<hr \/><\/div>\r\nEntlang der Trasse der Linie 1 sind derzeit keine Grossbaustellen geplant.<\/div>\r\n<hr \/>Bitte beachten Sie, dass aktuelle Informationen zu Fahrpl\u00e4nen und St\u00f6rungen auf fartiamo.ch und der Arcobaleno App zu finden sind.<\/div>[\/vc_column_text][dfd_spacer screen_wide_spacer_size=&#8220;60&#8243; screen_normal_resolution=&#8220;1024&#8243; screen_tablet_resolution=&#8220;800&#8243; screen_mobile_resolution=&#8220;480&#8243; screen_normal_spacer_size=&#8220;60&#8243; screen_tablet_spacer_size=&#8220;60&#8243; screen_mobile_spacer_size=&#8220;60&#8243;][\/vc_tta_section][vc_tta_section title=&#8220;Linie 3&#8243; tab_id=&#8220;1606300015904-8838dcdf-c853&#8243;][dfd_info_banner img_width=&#8220;150&#8243; img_height=&#8220;&#8220; title=&#8220;&#8220; subtitle=&#8220;&#8220; banner_content=&#8220;&#8220; image=&#8220;29506&#8243; title_font_options=&#8220;tag:div&#8220; subtitle_font_options=&#8220;tag:div&#8220; font_options=&#8220;tag:div&#8220;][dfd_heading subtitle=&#8220;&#8220; enable_delimiter=&#8220;&#8220; undefined=&#8220;&#8220; title_font_options=&#8220;tag:h5|color:%23000000&#8243; subtitle_font_options=&#8220;tag:div&#8220; title_responsive=&#8220;font_size_desktop:40|line_height_desktop:50|letter_spacing_desktop:0|font_size_tablet:40|line_height_tablet:50|letter_spacing_tablet:0|font_size_mobile:40|line_height_mobile:50|letter_spacing_mobile:0&#8243; heading_margin=&#8220;margin-top:15|margin-bottom:30&#8243;]Delta Maggia &#8211; Locarno Stazione &#8211; Monti della Trinit\u00e0 \u2013 Orselina &#8211; Brione s. Minusio[\/dfd_heading][vc_column_text]<div class=\"wpb_wrapper\">\r\n<p>Entlang der Trasse der Linie 3 sind derzeit keine Grossbaustellen geplant.<\/p>\r\n<hr \/>Bitte beachten Sie, dass aktuelle Informationen zu Fahrpl\u00e4nen und St\u00f6rungen auf fartiamo.ch und der Arcobaleno App zu finden sind.<\/div>[\/vc_column_text][dfd_spacer screen_wide_spacer_size=&#8220;60&#8243; screen_normal_resolution=&#8220;1024&#8243; screen_tablet_resolution=&#8220;800&#8243; screen_mobile_resolution=&#8220;480&#8243; screen_normal_spacer_size=&#8220;60&#8243; screen_tablet_spacer_size=&#8220;60&#8243; screen_mobile_spacer_size=&#8220;60&#8243;][\/vc_tta_section][vc_tta_section title=&#8220;Linie 4&#8243; tab_id=&#8220;1606312798372-a99720d7-bec4&#8243;][dfd_info_banner img_width=&#8220;150&#8243; img_height=&#8220;&#8220; title=&#8220;&#8220; subtitle=&#8220;&#8220; banner_content=&#8220;&#8220; image=&#8220;29507&#8243; title_font_options=&#8220;tag:div&#8220; subtitle_font_options=&#8220;tag:div&#8220; font_options=&#8220;tag:div&#8220;][dfd_heading subtitle=&#8220;&#8220; enable_delimiter=&#8220;&#8220; undefined=&#8220;&#8220; title_font_options=&#8220;tag:h5|color:%23000000&#8243; subtitle_font_options=&#8220;tag:div&#8220; title_responsive=&#8220;font_size_desktop:40|line_height_desktop:50|letter_spacing_desktop:0|font_size_tablet:40|line_height_tablet:50|letter_spacing_tablet:0|font_size_mobile:40|line_height_mobile:50|letter_spacing_mobile:0&#8243; heading_margin=&#8220;margin-top:15|margin-bottom:30&#8243;]Residenza Lido &#8211; Piazza Castello &#8211; Locarno Stazione \u2013 Muralto &#8211; Brione s. Minusio[\/dfd_heading][vc_column_text]<div class=\"wpb_wrapper\">\r\n<p data-start=\"44\" data-end=\"125\">08.01.2025<br data-start=\"58\" data-end=\"61\" \/><strong data-start=\"61\" data-end=\"123\">Linien 4 und 312: Haltestelle aufgehoben wegen Bauarbeiten<br \/><\/strong>Die FART informieren die gesch\u00e4tzte Kundschaft, dass die Haltestelle <em data-start=\"196\" data-end=\"221\">Muralto, Casa S. Agnese<\/em> (Richtung Locarno FFS) aufgrund von Bauarbeiten bis auf Weiteres aufgehoben ist.<br data-start=\"302\" data-end=\"305\" \/>Bitte ben\u00fctzen Sie die n\u00e4chstgelegenen Haltestellen: <em data-start=\"358\" data-end=\"377\">Muralto, Simposio<\/em> und <em data-start=\"382\" data-end=\"410\">Muralto, Residenza Montana<\/em>.<\/p>\r\n<hr \/>Entlang der Trasse der Linie 4 sind derzeit keine Grossbaustellen geplant.<hr \/>Bitte beachten Sie, dass aktuelle Informationen zu Fahrpl\u00e4nen und St\u00f6rungen auf fartiamo.ch und der Arcobaleno App zu finden sind.<\/div>[\/vc_column_text][dfd_spacer screen_wide_spacer_size=&#8220;60&#8243; screen_normal_resolution=&#8220;1024&#8243; screen_tablet_resolution=&#8220;800&#8243; screen_mobile_resolution=&#8220;480&#8243; screen_normal_spacer_size=&#8220;60&#8243; screen_tablet_spacer_size=&#8220;60&#8243; screen_mobile_spacer_size=&#8220;60&#8243;][\/vc_tta_section][vc_tta_section title=&#8220;Linie 7&#8243; tab_id=&#8220;1606312853180-8c6ded10-bbc9&#8243;][dfd_info_banner img_width=&#8220;150&#8243; img_height=&#8220;&#8220; title=&#8220;&#8220; subtitle=&#8220;&#8220; banner_content=&#8220;&#8220; image=&#8220;29508&#8243; title_font_options=&#8220;tag:div&#8220; subtitle_font_options=&#8220;tag:div&#8220; font_options=&#8220;tag:div&#8220;][dfd_heading subtitle=&#8220;&#8220; enable_delimiter=&#8220;&#8220; undefined=&#8220;&#8220; title_font_options=&#8220;tag:h5|color:%23000000&#8243; subtitle_font_options=&#8220;tag:div&#8220; title_responsive=&#8220;font_size_desktop:40|line_height_desktop:50|letter_spacing_desktop:0|font_size_tablet:40|line_height_tablet:50|letter_spacing_tablet:0|font_size_mobile:40|line_height_mobile:50|letter_spacing_mobile:0&#8243; heading_margin=&#8220;margin-top:15|margin-bottom:30&#8243;]Locarno &#8211; Losone[\/dfd_heading][vc_column_text]<div class=\"wpb_wrapper\">\r\n<div class=\"wpb_text_column wpb_content_element \">\r\n<div class=\"wpb_wrapper\">\r\n<div class=\"wpb_wrapper\">\r\n<div>\r\n<div>Entlang der Linie 7 sind derzeit keine Gro\u00dfbaustellen geplant.<\/div>\r\n<\/div>\r\n<hr \/>Bitte beachten Sie, dass aktuelle Informationen zu Fahrpl\u00e4nen und St\u00f6rungen auf fartiamo.ch und der Arcobaleno App zu finden sind.<\/div>\r\n<\/div>\r\n<\/div>\r\n<\/div>[\/vc_column_text][dfd_spacer screen_wide_spacer_size=&#8220;60&#8243; screen_normal_resolution=&#8220;1024&#8243; screen_tablet_resolution=&#8220;800&#8243; screen_mobile_resolution=&#8220;480&#8243; screen_normal_spacer_size=&#8220;60&#8243; screen_tablet_spacer_size=&#8220;60&#8243; screen_mobile_spacer_size=&#8220;60&#8243;][\/vc_tta_section][vc_tta_section title=&#8220;Linie 311&#8243; tab_id=&#8220;1606312889101-dd9b022b-0a0c&#8220;][dfd_info_banner img_width=&#8220;150&#8243; img_height=&#8220;&#8220; title=&#8220;&#8220; subtitle=&#8220;&#8220; banner_content=&#8220;&#8220; image=&#8220;29509&#8243; title_font_options=&#8220;tag:div&#8220; subtitle_font_options=&#8220;tag:div&#8220; font_options=&#8220;tag:div&#8220;][dfd_heading subtitle=&#8220;&#8220; enable_delimiter=&#8220;&#8220; undefined=&#8220;&#8220; title_font_options=&#8220;tag:h5|color:%23000000&#8243; subtitle_font_options=&#8220;tag:div&#8220; title_responsive=&#8220;font_size_desktop:40|line_height_desktop:50|letter_spacing_desktop:0|font_size_tablet:40|line_height_tablet:50|letter_spacing_tablet:0|font_size_mobile:40|line_height_mobile:50|letter_spacing_mobile:0&#8243; heading_margin=&#8220;margin-top:15|margin-bottom:30&#8243;]Locarno \u2013 Cugnasco &#8211; Bellinzona[\/dfd_heading][vc_column_text]<div class=\"wpb_wrapper\">\r\n<p>15.04.2026<br \/><strong>Linie 311: vor\u00fcbergehende Verlegung der Haltestelle Gordola, Via Crespo wegen Bauarbeiten<br \/><\/strong>Ab <strong>Montag, 20. April 2026<\/strong>, ab <strong>08:00 Uhr<\/strong>, kommt es auf der <strong>Linie 311<\/strong> zu einer Betriebsst\u00f6rung infolge von <strong>Arbeiten zur Erneuerung der Gehwege<\/strong>.<\/p>\r\n<div>\r\n<p>W\u00e4hrend der Bauarbeiten wird die Haltestelle <strong>Gordola, Via Crespo<\/strong> <strong>in beiden Richtungen vor\u00fcbergehend verlegt<\/strong>:<\/p>\r\n<ul>\r\n<li>in <strong>Richtung Locarno<\/strong> wird die Haltestelle um etwa <strong>40 Meter zur\u00fcckversetzt<\/strong><\/li>\r\n<li>in <strong>Richtung Bellinzona<\/strong> wird die Haltestelle um etwa <strong>60 Meter vorverlegt<\/strong><\/li>\r\n<\/ul>\r\n<p>Die provisorischen Haltestellen sind vor Ort durch <strong>tempor\u00e4re Haltestellentafeln<\/strong> gekennzeichnet. Die Fahrg\u00e4ste werden gebeten, die Beschilderung zu beachten und den Online\u2011Fahrplan zu konsultieren.<\/p>\r\n<\/div>\r\n<div><hr \/><\/div>\r\nEntlang der Trasse der Linie 311 sind derzeit keine Grossbaustellen geplant.<hr \/>Bitte beachten Sie, dass aktuelle Informationen zu Fahrpl\u00e4nen und St\u00f6rungen auf fartiamo.ch und der Arcobaleno App zu finden sind.<\/div>[\/vc_column_text][dfd_spacer screen_wide_spacer_size=&#8220;60&#8243; screen_normal_resolution=&#8220;1024&#8243; screen_tablet_resolution=&#8220;800&#8243; screen_mobile_resolution=&#8220;480&#8243; screen_normal_spacer_size=&#8220;60&#8243; screen_tablet_spacer_size=&#8220;60&#8243; screen_mobile_spacer_size=&#8220;60&#8243;][\/vc_tta_section][vc_tta_section title=&#8220;Linie 312&#8243; tab_id=&#8220;1606312928768-7fe095d4-6651&#8243;][dfd_info_banner img_width=&#8220;150&#8243; img_height=&#8220;&#8220; title=&#8220;&#8220; subtitle=&#8220;&#8220; banner_content=&#8220;&#8220; image=&#8220;29510&#8243; title_font_options=&#8220;tag:div&#8220; subtitle_font_options=&#8220;tag:div&#8220; font_options=&#8220;tag:div&#8220;][dfd_heading subtitle=&#8220;&#8220; enable_delimiter=&#8220;&#8220; undefined=&#8220;&#8220; title_font_options=&#8220;tag:h5|color:%23000000&#8243; subtitle_font_options=&#8220;tag:div&#8220; title_responsive=&#8220;font_size_desktop:40|line_height_desktop:50|letter_spacing_desktop:0|font_size_tablet:40|line_height_tablet:50|letter_spacing_tablet:0|font_size_mobile:40|line_height_mobile:50|letter_spacing_mobile:0&#8243; heading_margin=&#8220;margin-top:15|margin-bottom:30&#8243;]Locarno \u2013 Orselina &#8211; Mergoscia[\/dfd_heading][vc_column_text]<div class=\"wpb_wrapper\">\r\n<p data-start=\"44\" data-end=\"125\">08.01.2025<br data-start=\"58\" data-end=\"61\" \/><strong data-start=\"61\" data-end=\"123\">Linien 4 und 312: Haltestelle aufgehoben wegen Bauarbeiten<br \/><\/strong>Die FART informieren die gesch\u00e4tzte Kundschaft, dass die Haltestelle <em data-start=\"196\" data-end=\"221\">Muralto, Casa S. Agnese<\/em> (Richtung Locarno FFS) aufgrund von Bauarbeiten bis auf Weiteres aufgehoben ist.<br data-start=\"302\" data-end=\"305\" \/>Bitte ben\u00fctzen Sie die n\u00e4chstgelegenen Haltestellen: <em data-start=\"358\" data-end=\"377\">Muralto, Simposio<\/em> und <em data-start=\"382\" data-end=\"410\">Muralto, Residenza Montana<\/em>.<\/p>\r\n<hr \/>Entlang der Trasse der Linie 312 sind derzeit keine Grossbaustellen geplant.<hr \/>Bitte beachten Sie, dass aktuelle Informationen zu Fahrpl\u00e4nen und St\u00f6rungen auf fartiamo.ch und der Arcobaleno App zu finden sind.<\/div>[\/vc_column_text][dfd_spacer screen_wide_spacer_size=&#8220;60&#8243; screen_normal_resolution=&#8220;1024&#8243; screen_tablet_resolution=&#8220;800&#8243; screen_mobile_resolution=&#8220;480&#8243; screen_normal_spacer_size=&#8220;60&#8243; screen_tablet_spacer_size=&#8220;60&#8243; screen_mobile_spacer_size=&#8220;60&#8243;][\/vc_tta_section][vc_tta_section title=&#8220;Linie 314&#8243; tab_id=&#8220;1606312963123-00a8e9e2-4347&#8243;][dfd_info_banner img_width=&#8220;150&#8243; img_height=&#8220;&#8220; title=&#8220;&#8220; subtitle=&#8220;&#8220; banner_content=&#8220;&#8220; image=&#8220;29511&#8243; title_font_options=&#8220;tag:div&#8220; subtitle_font_options=&#8220;tag:div&#8220; font_options=&#8220;tag:div&#8220;][dfd_heading subtitle=&#8220;&#8220; enable_delimiter=&#8220;&#8220; undefined=&#8220;&#8220; title_font_options=&#8220;tag:h5|color:%23000000&#8243; subtitle_font_options=&#8220;tag:div&#8220; title_responsive=&#8220;font_size_desktop:40|line_height_desktop:50|letter_spacing_desktop:0|font_size_tablet:40|line_height_tablet:50|letter_spacing_tablet:0|font_size_mobile:40|line_height_mobile:50|letter_spacing_mobile:0&#8243; heading_margin=&#8220;margin-top:15|margin-bottom:30&#8243;]Locarno \u2013 Ronco s\/Ascona[\/dfd_heading][vc_column_text]<div class=\"wpb_wrapper\">\r\n<div class=\"wpb_text_column wpb_content_element \">\r\n<div class=\"wpb_wrapper\">\r\n<div class=\"wpb_wrapper\">\r\n<div>Entlang der Linie 314 sind derzeit keine Gro\u00dfbaustellen geplant.<\/div>\r\n<hr \/>Bitte beachten Sie, dass aktuelle Informationen zu Fahrpl\u00e4nen und St\u00f6rungen auf fartiamo.ch und der Arcobaleno App zu finden sind.<\/div>\r\n<\/div>\r\n<\/div>\r\n<\/div>[\/vc_column_text][dfd_spacer screen_wide_spacer_size=&#8220;60&#8243; screen_normal_resolution=&#8220;1024&#8243; screen_tablet_resolution=&#8220;800&#8243; screen_mobile_resolution=&#8220;480&#8243; screen_normal_spacer_size=&#8220;60&#8243; screen_tablet_spacer_size=&#8220;60&#8243; screen_mobile_spacer_size=&#8220;60&#8243;][\/vc_tta_section][vc_tta_section title=&#8220;Linie 315&#8243; tab_id=&#8220;1606313005457-71732f59-7a16&#8243;][dfd_info_banner img_width=&#8220;150&#8243; img_height=&#8220;&#8220; title=&#8220;&#8220; subtitle=&#8220;&#8220; banner_content=&#8220;&#8220; image=&#8220;29512&#8243; title_font_options=&#8220;tag:div&#8220; subtitle_font_options=&#8220;tag:div&#8220; font_options=&#8220;tag:div&#8220;][dfd_heading subtitle=&#8220;&#8220; enable_delimiter=&#8220;&#8220; undefined=&#8220;&#8220; title_font_options=&#8220;tag:h5|color:%23000000&#8243; subtitle_font_options=&#8220;tag:div&#8220; title_responsive=&#8220;font_size_desktop:40|line_height_desktop:50|letter_spacing_desktop:0|font_size_tablet:40|line_height_tablet:50|letter_spacing_tablet:0|font_size_mobile:40|line_height_mobile:50|letter_spacing_mobile:0&#8243; heading_margin=&#8220;margin-top:15|margin-bottom:30&#8243;]Locarno \u2013 Cevio \u2013 Cavergno[\/dfd_heading][vc_column_text]<div class=\"wpb_text_column wpb_content_element \">\r\n<div class=\"wpb_wrapper\">\r\n<div class=\"wpb_wrapper\">\r\n<div class=\"ig_content\">\r\n<div class=\"ig_message ig_clear_fix\">\r\n<div class=\"wpb_text_column wpb_content_element\">\r\n<div class=\"wpb_wrapper\">\r\n<div>Entlang der Linie 315 sind derzeit keine Gro\u00dfbaustellen geplant.<\/div>\r\n<\/div>\r\n<\/div>\r\n<\/div>\r\n<\/div>\r\n<hr \/>Bitte beachten Sie, dass aktuelle Informationen zu Fahrpl\u00e4nen und St\u00f6rungen auf fartiamo.ch und der Arcobaleno App zu finden sind.<\/div>\r\n<\/div>\r\n<\/div>[\/vc_column_text][dfd_spacer screen_wide_spacer_size=&#8220;60&#8243; screen_normal_resolution=&#8220;1024&#8243; screen_tablet_resolution=&#8220;800&#8243; screen_mobile_resolution=&#8220;480&#8243; screen_normal_spacer_size=&#8220;60&#8243; screen_tablet_spacer_size=&#8220;60&#8243; screen_mobile_spacer_size=&#8220;60&#8243;][\/vc_tta_section][vc_tta_section title=&#8220;Linie 316&#8243; tab_id=&#8220;1606313035178-246a7c6a-5122&#8243;][dfd_info_banner img_width=&#8220;150&#8243; img_height=&#8220;&#8220; title=&#8220;&#8220; subtitle=&#8220;&#8220; banner_content=&#8220;&#8220; image=&#8220;29513&#8243; title_font_options=&#8220;tag:div&#8220; subtitle_font_options=&#8220;tag:div&#8220; font_options=&#8220;tag:div&#8220;][dfd_heading subtitle=&#8220;&#8220; enable_delimiter=&#8220;&#8220; undefined=&#8220;&#8220; title_font_options=&#8220;tag:h5|color:%23000000&#8243; subtitle_font_options=&#8220;tag:div&#8220; title_responsive=&#8220;font_size_desktop:40|line_height_desktop:50|letter_spacing_desktop:0|font_size_tablet:40|line_height_tablet:50|letter_spacing_tablet:0|font_size_mobile:40|line_height_mobile:50|letter_spacing_mobile:0&#8243; heading_margin=&#8220;margin-top:15|margin-bottom:30&#8243;]Locarno \u2013 Brissago[\/dfd_heading][vc_column_text]<div class=\"wpb_text_column wpb_content_element \">\r\n<div class=\"wpb_wrapper\">\r\n<div class=\"wpb_text_column wpb_content_element \">\r\n<div class=\"wpb_wrapper\">Entlang der Trasse der Linie 316 sind derzeit keine Grossbaustellen geplant.<hr \/>Bitte beachten Sie, dass aktuelle Informationen zu Fahrpl\u00e4nen und St\u00f6rungen auf fartiamo.ch und der Arcobaleno App zu finden sind.<\/div>\r\n<\/div>\r\n<\/div>\r\n<\/div>[\/vc_column_text][dfd_spacer screen_wide_spacer_size=&#8220;60&#8243; screen_normal_resolution=&#8220;1024&#8243; screen_tablet_resolution=&#8220;800&#8243; screen_mobile_resolution=&#8220;480&#8243; screen_normal_spacer_size=&#8220;60&#8243; screen_tablet_spacer_size=&#8220;60&#8243; screen_mobile_spacer_size=&#8220;60&#8243;][\/vc_tta_section][vc_tta_section title=&#8220;Eisenbahn Vigezzina-Centovalli&#8220; tab_id=&#8220;1606313065474-7768006e-60a0&#8243;][dfd_info_banner img_width=&#8220;150&#8243; img_height=&#8220;&#8220; title=&#8220;&#8220; subtitle=&#8220;&#8220; banner_content=&#8220;&#8220; image=&#8220;39928&#8243; title_font_options=&#8220;tag:div&#8220; subtitle_font_options=&#8220;tag:div&#8220; font_options=&#8220;tag:div&#8220;][dfd_heading subtitle=&#8220;&#8220; enable_delimiter=&#8220;&#8220; undefined=&#8220;&#8220; title_font_options=&#8220;tag:h5|color:%23000000&#8243; subtitle_font_options=&#8220;tag:div&#8220; title_responsive=&#8220;font_size_desktop:40|line_height_desktop:50|letter_spacing_desktop:0|font_size_tablet:40|line_height_tablet:50|letter_spacing_tablet:0|font_size_mobile:40|line_height_mobile:50|letter_spacing_mobile:0&#8243; heading_margin=&#8220;margin-top:15|margin-bottom:30&#8243; tutorials=&#8220;&#8220;]R70 (Locarno &#8211; Camedo)<br \/>\nPE72 \/ RE73 (Locarno &#8211; Domodossola)[\/dfd_heading][vc_column_text]<p data-start=\"2466\" data-end=\"2988\">19.10.2025<br data-start=\"2480\" data-end=\"2483\" \/><strong data-start=\"2483\" data-end=\"2559\">Vigezzina-Centovalli-Bahn: Schliessung des Warteraums \u2013 Bahnhof Verdasio<\/strong><br data-start=\"2559\" data-end=\"2562\" \/>Die FART informiert ihre gesch\u00e4tzten Fahrg\u00e4ste, dass ab <strong data-start=\"2618\" data-end=\"2646\">Montag, 20. Oktober 2025<\/strong> (nach der letzten Fahrt am Sonntag, 19. Oktober) der Warteraum im Bahnhof <em data-start=\"2721\" data-end=\"2731\">Verdasio<\/em> f\u00fcr die \u00d6ffentlichkeit nicht zug\u00e4nglich sein wird.<br data-start=\"2782\" data-end=\"2785\" \/>Die Schliessung ist notwendig f\u00fcr die Erneuerung der Sicherheitsanlage. Mit der Anpassung des Bahnhofs an das Behindertengesetz (Projekt in Genehmigung) wird die Station neue Warteunterst\u00e4nde erhalten.<\/p>\r\n<div class=\"ig_content\">\r\n<div class=\"ig_message ig_clear_fix\">\r\n<div class=\"wpb_text_column wpb_content_element\">\r\n<div class=\"wpb_wrapper\">\r\n<div class=\"mod_content_text\"><hr \/><\/div>\r\n<\/div>\r\n<\/div>\r\n<\/div>\r\n<\/div>\r\n<p>19.05.2025<br \/><strong>Vigezzina-Centovalli-Bahn: Arbeiten zur Anpassung der Bahnh\u00f6fe an das Schwerbehindertengesetz (LDis)<\/strong><br \/>Die Vigezzina-Centovallibahn informiert ihre Benutzer, dass im Rahmen der Arbeiten zur Anpassung der Bahnh\u00f6fe an das Behindertengesetz (BehiG):<\/p>\r\n<ul>\r\n<li><strong>Der Bahnhof Ponte Brolla ist bis auf Weiteres f\u00fcr den Publikumsverkehr geschlossen.<\/strong> Der Bahnhof wird von der Linie 315 der Autolinee FART bedient. <a href=\"https:\/\/fartiamo.ch\/linea-315\/\">Weitere Informationen<\/a><\/li>\r\n<li><strong>Die Bahnh\u00f6fe Palagnedra und Corcapolo sind bis auf Weiteres f\u00fcr den Publikumsverkehr geschlossen.<\/strong>\r\n<ul>\r\n<li>Die Haltestellen werden von einer Ersatzbuslinie bedient, die zwischen Intragna und Camedo verkehrt. Die Sitzpl\u00e4tze sind begrenzt und k\u00f6nnen nicht reserviert werden. Es ist mit l\u00e4ngeren Fahrtzeiten zu rechnen. <a href=\"http:\/\/fartiamo.ch\/wp-content\/uploads\/2026\/01\/Servizio-Sostitutivo-Intragna-Camedo-2026.pdf\">Weitere Informationen<\/a><\/li>\r\n<li>Die Z\u00fcge verkehren regelm\u00e4\u00dfig und bedienen die Haltestellen Intragna, Verdasio und Camedo.<\/li>\r\n<\/ul>\r\n<\/li>\r\n<\/ul>\r\n<p><a href=\"https:\/\/fartiamo.ch\/stazioni\/\">Weitere Ausk\u00fcnfte<\/a><\/p>[\/vc_column_text][dfd_spacer screen_wide_spacer_size=&#8220;60&#8243; screen_normal_resolution=&#8220;1024&#8243; screen_tablet_resolution=&#8220;800&#8243; screen_mobile_resolution=&#8220;480&#8243; screen_normal_spacer_size=&#8220;60&#8243; screen_tablet_spacer_size=&#8220;60&#8243; screen_mobile_spacer_size=&#8220;60&#8243;][\/vc_tta_section][\/dfd_tta_tour][\/vc_column][\/vc_row][vc_row][vc_column][dfd_spacer screen_wide_spacer_size=&#8220;100&#8243; screen_normal_resolution=&#8220;1024&#8243; screen_tablet_resolution=&#8220;800&#8243; screen_mobile_resolution=&#8220;480&#8243; screen_normal_spacer_size=&#8220;80&#8243; screen_tablet_spacer_size=&#8220;60&#8243; screen_mobile_spacer_size=&#8220;40&#8243;][\/vc_column][\/vc_row]<\/p>\n<\/div>","protected":false},"excerpt":{"rendered":"<p>[vc_row][vc_column][dfd_spacer screen_wide_spacer_size=&#8220;100&#8243; screen_normal_resolution=&#8220;1024&#8243; screen_tablet_resolution=&#8220;800&#8243; screen_mobile_resolution=&#8220;480&#8243; screen_normal_spacer_size=&#8220;80&#8243; screen_tablet_spacer_size=&#8220;60&#8243; screen_mobile_spacer_size=&#8220;40&#8243;][\/vc_column][\/vc_row][vc_row][vc_column][dfd_info_banner img_width=&#8220;150&#8243; img_height=&#8220;&#8220; title=&#8220;&#8220; subtitle=&#8220;&#8220; banner_content=&#8220;&#8220; image=&#8220;29556&#8243; title_font_options=&#8220;tag:div&#8220; subtitle_font_options=&#8220;tag:div&#8220; font_options=&#8220;tag:div&#8220;][dfd_heading style=&#8220;style_06&#8243; subtitle=&#8220;&#8220; module_animation=&#8220;transition.grow&#8220; enable_delimiter=&#8220;&#8220; undefined=&#8220;&#8220; title_font_options=&#8220;tag:h1&#8243; subtitle_font_options=&#8220;tag:h3&#8243; title_responsive=&#8220;font_size_desktop:45|line_height_desktop:55|letter_spacing_desktop:0|font_size_tablet:40|line_height_tablet:50|letter_spacing_tablet:0|font_size_mobile:35|line_height_mobile:45|letter_spacing_mobile:0&#8243; heading_margin=&#8220;margin-top:30|margin-bottom:60&#8243; subtitle_responsive=&#8220;font_size_desktop:26|line_height_desktop:40|letter_spacing_desktop:0|font_size_tablet:24|line_height_tablet:38|letter_spacing_tablet:0|font_size_mobile:22|line_height_mobile:36|letter_spacing_mobile:0&#8243;]Laufende Bauarbeiten[\/dfd_heading][\/vc_column][\/vc_row][vc_row css=&#8220;.vc_custom_1606293049876{padding-right: 25px<\/p>\n","protected":false},"author":1,"featured_media":0,"parent":0,"menu_order":0,"comment_status":"closed","ping_status":"closed","template":"tmp-page.php","meta":{"inline_featured_image":false,"_monsterinsights_skip_tracking":false,"_monsterinsights_sitenote_active":false,"_monsterinsights_sitenote_note":"","_monsterinsights_sitenote_category":0,"footnotes":""},"class_list":["post-30257","page","type-page","status-publish","hentry"],"yoast_head":"<!-- This site is optimized with the Yoast SEO plugin v27.4 - https:\/\/yoast.com\/product\/yoast-seo-wordpress\/ -->\n<title>LINEE E SERVIZI \u2013 Laufende Bauarbeiten - fartiamo - FART - Fahrplanwechseln<\/title>\n<meta name=\"description\" content=\"FART \u2013 Fahrplanwechseln \u2013 Die Entwicklung des \u00f6ffentlichen Verkehrs in der Region Locarno ist Teil des umfassenden Agglomerations-Programm...\" \/>\n<meta name=\"robots\" content=\"index, follow, max-snippet:-1, max-image-preview:large, max-video-preview:-1\" \/>\n<link rel=\"canonical\" href=\"https:\/\/fartiamo.ch\/de\/laufende-bauarbeiten-und-beeintraechtigungen\/\" \/>\n<meta property=\"og:locale\" content=\"de_DE\" \/>\n<meta property=\"og:type\" content=\"article\" \/>\n<meta property=\"og:title\" content=\"LINEE E SERVIZI \u2013 Laufende Bauarbeiten - fartiamo - FART - Fahrplanwechseln\" \/>\n<meta property=\"og:description\" content=\"FART \u2013 Fahrplanwechseln \u2013 Die Entwicklung des \u00f6ffentlichen Verkehrs in der Region Locarno ist Teil des umfassenden Agglomerations-Programm...\" \/>\n<meta property=\"og:url\" content=\"https:\/\/fartiamo.ch\/de\/laufende-bauarbeiten-und-beeintraechtigungen\/\" \/>\n<meta property=\"og:site_name\" content=\"fartiamo\" \/>\n<meta property=\"article:modified_time\" content=\"2023-12-11T16:30:49+00:00\" \/>\n<meta name=\"twitter:card\" content=\"summary_large_image\" \/>\n<meta name=\"twitter:label1\" content=\"Gesch\u00e4tzte Lesezeit\" \/>\n\t<meta name=\"twitter:data1\" content=\"8\u00a0Minuten\" \/>\n<script type=\"application\/ld+json\" class=\"yoast-schema-graph\">{\"@context\":\"https:\\\/\\\/schema.org\",\"@graph\":[{\"@type\":\"WebPage\",\"@id\":\"https:\\\/\\\/fartiamo.ch\\\/de\\\/laufende-bauarbeiten-und-beeintraechtigungen\\\/\",\"url\":\"https:\\\/\\\/fartiamo.ch\\\/de\\\/laufende-bauarbeiten-und-beeintraechtigungen\\\/\",\"name\":\"LINEE E SERVIZI \u2013 Laufende Bauarbeiten - fartiamo - FART - Fahrplanwechseln\",\"isPartOf\":{\"@id\":\"https:\\\/\\\/fartiamo.ch\\\/de\\\/#website\"},\"datePublished\":\"2021-01-27T07:50:48+00:00\",\"dateModified\":\"2023-12-11T16:30:49+00:00\",\"description\":\"FART \u2013 Fahrplanwechseln \u2013 Die Entwicklung des \u00f6ffentlichen Verkehrs in der Region Locarno ist Teil des umfassenden Agglomerations-Programm...\",\"breadcrumb\":{\"@id\":\"https:\\\/\\\/fartiamo.ch\\\/de\\\/laufende-bauarbeiten-und-beeintraechtigungen\\\/#breadcrumb\"},\"inLanguage\":\"de\",\"potentialAction\":[{\"@type\":\"ReadAction\",\"target\":[\"https:\\\/\\\/fartiamo.ch\\\/de\\\/laufende-bauarbeiten-und-beeintraechtigungen\\\/\"]}]},{\"@type\":\"BreadcrumbList\",\"@id\":\"https:\\\/\\\/fartiamo.ch\\\/de\\\/laufende-bauarbeiten-und-beeintraechtigungen\\\/#breadcrumb\",\"itemListElement\":[{\"@type\":\"ListItem\",\"position\":1,\"name\":\"Home\",\"item\":\"https:\\\/\\\/fartiamo.ch\\\/de\\\/\"},{\"@type\":\"ListItem\",\"position\":2,\"name\":\"LINEE E SERVIZI \u2013 Laufende Bauarbeiten\"}]},{\"@type\":\"WebSite\",\"@id\":\"https:\\\/\\\/fartiamo.ch\\\/de\\\/#website\",\"url\":\"https:\\\/\\\/fartiamo.ch\\\/de\\\/\",\"name\":\"fartiamo\",\"description\":\"Il trasporto che unisce citt\u00e0 e valli\",\"publisher\":{\"@id\":\"https:\\\/\\\/fartiamo.ch\\\/de\\\/#organization\"},\"potentialAction\":[{\"@type\":\"SearchAction\",\"target\":{\"@type\":\"EntryPoint\",\"urlTemplate\":\"https:\\\/\\\/fartiamo.ch\\\/de\\\/?s={search_term_string}\"},\"query-input\":{\"@type\":\"PropertyValueSpecification\",\"valueRequired\":true,\"valueName\":\"search_term_string\"}}],\"inLanguage\":\"de\"},{\"@type\":\"Organization\",\"@id\":\"https:\\\/\\\/fartiamo.ch\\\/de\\\/#organization\",\"name\":\"FART\",\"url\":\"https:\\\/\\\/fartiamo.ch\\\/de\\\/\",\"logo\":{\"@type\":\"ImageObject\",\"inLanguage\":\"de\",\"@id\":\"https:\\\/\\\/fartiamo.ch\\\/de\\\/#\\\/schema\\\/logo\\\/image\\\/\",\"url\":\"https:\\\/\\\/fartiamo.ch\\\/wp-content\\\/uploads\\\/2020\\\/11\\\/fart_logo_completo.svg\",\"contentUrl\":\"https:\\\/\\\/fartiamo.ch\\\/wp-content\\\/uploads\\\/2020\\\/11\\\/fart_logo_completo.svg\",\"width\":\"1024\",\"height\":\"1024\",\"caption\":\"FART\"},\"image\":{\"@id\":\"https:\\\/\\\/fartiamo.ch\\\/de\\\/#\\\/schema\\\/logo\\\/image\\\/\"}}]}<\/script>\n<!-- \/ Yoast SEO plugin. -->","yoast_head_json":{"title":"LINEE E SERVIZI \u2013 Laufende Bauarbeiten - fartiamo - FART - Fahrplanwechseln","description":"FART \u2013 Fahrplanwechseln \u2013 Die Entwicklung des \u00f6ffentlichen Verkehrs in der Region Locarno ist Teil des umfassenden Agglomerations-Programm...","robots":{"index":"index","follow":"follow","max-snippet":"max-snippet:-1","max-image-preview":"max-image-preview:large","max-video-preview":"max-video-preview:-1"},"canonical":"https:\/\/fartiamo.ch\/de\/laufende-bauarbeiten-und-beeintraechtigungen\/","og_locale":"de_DE","og_type":"article","og_title":"LINEE E SERVIZI \u2013 Laufende Bauarbeiten - fartiamo - FART - Fahrplanwechseln","og_description":"FART \u2013 Fahrplanwechseln \u2013 Die Entwicklung des \u00f6ffentlichen Verkehrs in der Region Locarno ist Teil des umfassenden Agglomerations-Programm...","og_url":"https:\/\/fartiamo.ch\/de\/laufende-bauarbeiten-und-beeintraechtigungen\/","og_site_name":"fartiamo","article_modified_time":"2023-12-11T16:30:49+00:00","twitter_card":"summary_large_image","twitter_misc":{"Gesch\u00e4tzte Lesezeit":"8\u00a0Minuten"},"schema":{"@context":"https:\/\/schema.org","@graph":[{"@type":"WebPage","@id":"https:\/\/fartiamo.ch\/de\/laufende-bauarbeiten-und-beeintraechtigungen\/","url":"https:\/\/fartiamo.ch\/de\/laufende-bauarbeiten-und-beeintraechtigungen\/","name":"LINEE E SERVIZI \u2013 Laufende Bauarbeiten - fartiamo - FART - Fahrplanwechseln","isPartOf":{"@id":"https:\/\/fartiamo.ch\/de\/#website"},"datePublished":"2021-01-27T07:50:48+00:00","dateModified":"2023-12-11T16:30:49+00:00","description":"FART \u2013 Fahrplanwechseln \u2013 Die Entwicklung des \u00f6ffentlichen Verkehrs in der Region Locarno ist Teil des umfassenden Agglomerations-Programm...","breadcrumb":{"@id":"https:\/\/fartiamo.ch\/de\/laufende-bauarbeiten-und-beeintraechtigungen\/#breadcrumb"},"inLanguage":"de","potentialAction":[{"@type":"ReadAction","target":["https:\/\/fartiamo.ch\/de\/laufende-bauarbeiten-und-beeintraechtigungen\/"]}]},{"@type":"BreadcrumbList","@id":"https:\/\/fartiamo.ch\/de\/laufende-bauarbeiten-und-beeintraechtigungen\/#breadcrumb","itemListElement":[{"@type":"ListItem","position":1,"name":"Home","item":"https:\/\/fartiamo.ch\/de\/"},{"@type":"ListItem","position":2,"name":"LINEE E SERVIZI \u2013 Laufende Bauarbeiten"}]},{"@type":"WebSite","@id":"https:\/\/fartiamo.ch\/de\/#website","url":"https:\/\/fartiamo.ch\/de\/","name":"fartiamo","description":"Il trasporto che unisce citt\u00e0 e valli","publisher":{"@id":"https:\/\/fartiamo.ch\/de\/#organization"},"potentialAction":[{"@type":"SearchAction","target":{"@type":"EntryPoint","urlTemplate":"https:\/\/fartiamo.ch\/de\/?s={search_term_string}"},"query-input":{"@type":"PropertyValueSpecification","valueRequired":true,"valueName":"search_term_string"}}],"inLanguage":"de"},{"@type":"Organization","@id":"https:\/\/fartiamo.ch\/de\/#organization","name":"FART","url":"https:\/\/fartiamo.ch\/de\/","logo":{"@type":"ImageObject","inLanguage":"de","@id":"https:\/\/fartiamo.ch\/de\/#\/schema\/logo\/image\/","url":"https:\/\/fartiamo.ch\/wp-content\/uploads\/2020\/11\/fart_logo_completo.svg","contentUrl":"https:\/\/fartiamo.ch\/wp-content\/uploads\/2020\/11\/fart_logo_completo.svg","width":"1024","height":"1024","caption":"FART"},"image":{"@id":"https:\/\/fartiamo.ch\/de\/#\/schema\/logo\/image\/"}}]}},"_links":{"self":[{"href":"https:\/\/fartiamo.ch\/de\/wp-json\/wp\/v2\/pages\/30257","targetHints":{"allow":["GET"]}}],"collection":[{"href":"https:\/\/fartiamo.ch\/de\/wp-json\/wp\/v2\/pages"}],"about":[{"href":"https:\/\/fartiamo.ch\/de\/wp-json\/wp\/v2\/types\/page"}],"author":[{"embeddable":true,"href":"https:\/\/fartiamo.ch\/de\/wp-json\/wp\/v2\/users\/1"}],"replies":[{"embeddable":true,"href":"https:\/\/fartiamo.ch\/de\/wp-json\/wp\/v2\/comments?post=30257"}],"version-history":[{"count":30,"href":"https:\/\/fartiamo.ch\/de\/wp-json\/wp\/v2\/pages\/30257\/revisions"}],"predecessor-version":[{"id":40050,"href":"https:\/\/fartiamo.ch\/de\/wp-json\/wp\/v2\/pages\/30257\/revisions\/40050"}],"wp:attachment":[{"href":"https:\/\/fartiamo.ch\/de\/wp-json\/wp\/v2\/media?parent=30257"}],"curies":[{"name":"wp","href":"https:\/\/api.w.org\/{rel}","templated":true}]}}