{"id":38500,"date":"2023-08-28T14:41:41","date_gmt":"2023-08-28T12:41:41","guid":{"rendered":"https:\/\/fartiamo.ch\/?page_id=38500"},"modified":"2025-05-12T09:43:01","modified_gmt":"2025-05-12T07:43:01","slug":"100-jahre-geschichte","status":"publish","type":"page","link":"https:\/\/fartiamo.ch\/de\/100-jahre-geschichte\/","title":{"rendered":"100 Jahre Geschichte"},"content":{"rendered":"<div class=\"wpb-content-wrapper\"><p>[vc_row][vc_column][dfd_spacer screen_wide_spacer_size=&#8220;100&#8243; screen_normal_resolution=&#8220;1024&#8243; screen_tablet_resolution=&#8220;800&#8243; screen_mobile_resolution=&#8220;480&#8243; screen_normal_spacer_size=&#8220;80&#8243; screen_tablet_spacer_size=&#8220;60&#8243; screen_mobile_spacer_size=&#8220;40&#8243;][\/vc_column][\/vc_row][vc_row css=&#8220;.vc_custom_1568638996273{padding-right: 25px !important;padding-left: 25px !important;}&#8220;][vc_column width=&#8220;1\/6&#8243; col_shadow=&#8220;box_shadow_enable:disable|shadow_horizontal:0|shadow_vertical:15|shadow_blur:50|shadow_spread:0|box_shadow_color:rgba(0%2C0%2C0%2C0.35)&#8220; col_shadow_hover=&#8220;box_shadow_enable:disable|shadow_horizontal:0|shadow_vertical:15|shadow_blur:50|shadow_spread:0|box_shadow_color:rgba(0%2C0%2C0%2C0.35)&#8220;][\/vc_column][vc_column width=&#8220;2\/3&#8243;][dfd_heading style=&#8220;style_06&#8243; subtitle=&#8220;Von 1923 bis 2023&#8243; module_animation=&#8220;transition.grow&#8220; delimiter_settings=&#8220;delimiter_style:solid|delimiter_width:80|delimiter_height:1|delimiter_color:%23ffffff&#8220; delimiter_margin=&#8220;margin-top:10|margin-bottom:30&#8243; undefined=&#8220;&#8220; title_font_options=&#8220;tag:h1&#8243; subtitle_font_options=&#8220;tag:h3&#8243; title_responsive=&#8220;font_size_desktop:45|line_height_desktop:55|letter_spacing_desktop:0|font_size_tablet:40|line_height_tablet:50|letter_spacing_tablet:0|font_size_mobile:35|line_height_mobile:45|letter_spacing_mobile:0&#8243; heading_margin=&#8220;margin-bottom:30&#8243; subtitle_responsive=&#8220;font_size_desktop:26|line_height_desktop:40|letter_spacing_desktop:0|font_size_tablet:24|line_height_tablet:38|letter_spacing_tablet:0|font_size_mobile:22|line_height_mobile:36|letter_spacing_mobile:0&#8243;]100 Jahre Geschichte der Centovallina[\/dfd_heading][dfd_spacer screen_wide_spacer_size=&#8220;40&#8243; screen_normal_resolution=&#8220;1024&#8243; screen_tablet_resolution=&#8220;800&#8243; screen_mobile_resolution=&#8220;480&#8243;][dfd_single_image image=&#8220;39717&#8243;][dfd_spacer screen_wide_spacer_size=&#8220;25&#8243; screen_normal_resolution=&#8220;1024&#8243; screen_tablet_resolution=&#8220;800&#8243; screen_mobile_resolution=&#8220;480&#8243;][dfd_heading style=&#8220;style_06&#8243; subtitle=&#8220;&#8220; content_alignment=&#8220;text-left&#8220; module_animation=&#8220;transition.fadeIn&#8220; enable_delimiter=&#8220;&#8220; undefined=&#8220;&#8220; title_font_options=&#8220;tag:h3&#8243; subtitle_font_options=&#8220;tag:h3&#8243; title_responsive=&#8220;font_size_desktop:26|line_height_desktop:40|letter_spacing_desktop:0|font_size_tablet:24|line_height_tablet:38|letter_spacing_tablet:0|font_size_mobile:22|line_height_mobile:36|letter_spacing_mobile:0&#8243; heading_margin=&#8220;margin-bottom:30&#8243;]1923 wurde die Centovallina-Bahn eingeweiht, die erste Eisenbahnverbindung der Schweiz, die die Nord-S\u00fcd-Achse durchbrach.[\/dfd_heading][vc_column_text]<\/p>\n<div class=\"article-content\">\n<div class=\"article-content-block\">\n<p>Die Geschichte der Eisenbahn Vigezzina-Centovalli beginnt im Jahr 1898, als der B\u00fcrgermeister von Locarno, Francesco Balli, dem Bundesrat ein Gesuch f\u00fcr den Bau einer Eisenbahnstrecke unterbreitet, die als Verbindung zwischen der Schweiz und Italien auf der Ost-West-Achse dienen und im Idealfall das Tessin an die Romandie heranf\u00fchren k\u00f6nnte, indem sie eine Verbindung zwischen dem Gotthard und dem Simplon, den beiden Hauptverbindungswegen der Alpen, herstellt.<\/p>\n<p>Auf italienischer Seite wurde das Unternehmen von Andrea Testore vorangetrieben, einem Lehrer, Literaten und Schriftsteller, der sich sehr f\u00fcr die Valorisierung des Vigezzo-Tals einsetzte. Der dritte &#8222;Vater&#8220; der Eisenbahn Vigezzina-Centovalli war der Ingenieur des Projekts, Giacomo Sutter. Die Baustelle wurde Ende 1912 in Betrieb genommen, mit dem Ziel, das Bauwerk bis 1915 zu liefern. Die Geschichte wollte es aber anders: Erst wegen des Konkurses der Bank, dann wegen des Ausbruchs des Ersten Weltkriegs, blieben die Arbeiten bis 1920 praktisch still. 1923 trafen sich die beiden Mannschaften, die die Gleise verlegten, auf der H\u00f6he von Santa Maria Maggiore zusammen. Es war eine Eisenbahn entstanden, die das Schicksal der Centovalli ver\u00e4ndern sollte.<\/p>\n<p>Die atemberaubenden Landschaften, die aus dem Fenster herausragen, zogen auch viele Touristen an, die dazu beitrugen, die Eisenbahn Vigezzina-Centovalli vor dem Schicksal der Valmaggina und (fast) aller anderen Tessiner Eisenbahnen in den Jahren des Wirtschaftsbooms zu retten. Es ist kein Zufall, dass diese Bahnstrecke bis heute zu den 10 sch\u00f6nsten Eisenbahnen der Welt z\u00e4hlt, die vom Reisef\u00fchrer Lonely Planet ausgew\u00e4hlt wurden. Eine Reise, die man zu jeder Jahreszeit genie\u00dfen sollte und dabei staunen kann, wie sich die Atmosph\u00e4re mit den Farben der Natur ver\u00e4ndert.<\/p>\n<p>Seit 1923 wurde die Bahn laufend erneuert. Bis Ende 2024 sollen acht neue Z\u00fcge in Betrieb genommen werden, die das bisherige rollende Material ersetzen sollen. Die neuen Z\u00fcge sollen einen hohen Baustandard bei erh\u00f6htem Reisekomfort bieten.<\/p>\n<\/div>\n<\/div>\n<p>[\/vc_column_text][dfd_spacer screen_wide_spacer_size=&#8220;25&#8243; screen_normal_resolution=&#8220;1024&#8243; screen_tablet_resolution=&#8220;800&#8243; screen_mobile_resolution=&#8220;480&#8243; tutorials=&#8220;&#8220;][dfd_button button_text=&#8220;Durch 100 T\u00e4ler und 100 Jahre&#8220; main_style=&#8220;style-2&#8243; buttom_link_src=&#8220;url:https%3A%2F%2Fwww.ascona-locarno.com%2Fit%2Fattualita%2Fstorie%2Fattraverso-cento-valli-e-cento-anni|target:_blank|&#8220; tutorials=&#8220;&#8220; background=&#8220;#000eff&#8220; box_shadow=&#8220;box_shadow_enable:disable|shadow_horizontal:0|shadow_vertical:15|shadow_blur:50|shadow_spread:0|box_shadow_color:rgba(0%2C0%2C0%2C0.35)&#8220; hover_box_shadow=&#8220;box_shadow_enable:disable|shadow_horizontal:0|shadow_vertical:15|shadow_blur:50|shadow_spread:0|box_shadow_color:rgba(0%2C0%2C0%2C0.35)&#8220;][\/vc_column][vc_column width=&#8220;1\/6&#8243;][\/vc_column][\/vc_row][vc_row][vc_column][dfd_spacer screen_wide_spacer_size=&#8220;150&#8243; screen_normal_resolution=&#8220;1024&#8243; screen_tablet_resolution=&#8220;800&#8243; screen_mobile_resolution=&#8220;480&#8243; screen_normal_spacer_size=&#8220;150&#8243; screen_tablet_spacer_size=&#8220;125&#8243; screen_mobile_spacer_size=&#8220;125&#8243;][dfd_simple_image_gallery dfd_layer_image=&#8220;39717,39596,39591,39220,39216,39212,39208,39204,39200,39196,39600,39604,39608,39228,39224&#8243; items_offset=&#8220;0&#8243; image_width=&#8220;900&#8243; image_height=&#8220;600&#8243; slides_to_show=&#8220;3&#8243; slides_to_scroll=&#8220;1&#8243; carousel_slideshow_speed=&#8220;3000&#8243; images_style=&#8220;carousel&#8220;][dfd_spacer screen_wide_spacer_size=&#8220;150&#8243; screen_normal_resolution=&#8220;1024&#8243; screen_tablet_resolution=&#8220;800&#8243; screen_mobile_resolution=&#8220;480&#8243; screen_normal_spacer_size=&#8220;150&#8243; screen_tablet_spacer_size=&#8220;125&#8243; screen_mobile_spacer_size=&#8220;125&#8243;][\/vc_column][\/vc_row]<\/p>\n<\/div>","protected":false},"excerpt":{"rendered":"<p>[vc_row][vc_column][dfd_spacer screen_wide_spacer_size=&#8220;100&#8243; screen_normal_resolution=&#8220;1024&#8243; screen_tablet_resolution=&#8220;800&#8243; screen_mobile_resolution=&#8220;480&#8243; screen_normal_spacer_size=&#8220;80&#8243; screen_tablet_spacer_size=&#8220;60&#8243; screen_mobile_spacer_size=&#8220;40&#8243;][\/vc_column][\/vc_row][vc_row css=&#8220;.vc_custom_1568638996273{padding-right: 25px !important;padding-left: 25px !important;}&#8220;][vc_column width=&#8220;1\/6&#8243; col_shadow=&#8220;box_shadow_enable:disable|shadow_horizontal:0|shadow_vertical:15|shadow_blur:50|shadow_spread:0|box_shadow_color:rgba(0%2C0%2C0%2C0.35)&#8220; col_shadow_hover=&#8220;box_shadow_enable:disable|shadow_horizontal:0|shadow_vertical:15|shadow_blur:50|shadow_spread:0|box_shadow_color:rgba(0%2C0%2C0%2C0.35)&#8220;][\/vc_column][vc_column width=&#8220;2\/3&#8243;][dfd_heading style=&#8220;style_06&#8243; subtitle=&#8220;Von 1923 bis 2023&#8243; module_animation=&#8220;transition.grow&#8220; delimiter_settings=&#8220;delimiter_style:solid|delimiter_width:80|delimiter_height:1|delimiter_color:%23ffffff&#8220; delimiter_margin=&#8220;margin-top:10|margin-bottom:30&#8243; undefined=&#8220;&#8220; title_font_options=&#8220;tag:h1&#8243; subtitle_font_options=&#8220;tag:h3&#8243; title_responsive=&#8220;font_size_desktop:45|line_height_desktop:55|letter_spacing_desktop:0|font_size_tablet:40|line_height_tablet:50|letter_spacing_tablet:0|font_size_mobile:35|line_height_mobile:45|letter_spacing_mobile:0&#8243; heading_margin=&#8220;margin-bottom:30&#8243;<\/p>\n","protected":false},"author":1,"featured_media":0,"parent":0,"menu_order":0,"comment_status":"closed","ping_status":"closed","template":"tmp-page.php","meta":{"inline_featured_image":false,"_monsterinsights_skip_tracking":false,"_monsterinsights_sitenote_active":false,"_monsterinsights_sitenote_note":"","_monsterinsights_sitenote_category":0,"footnotes":""},"class_list":["post-38500","page","type-page","status-publish","hentry"],"yoast_head":"<!-- This site is optimized with the Yoast SEO plugin v27.4 - https:\/\/yoast.com\/product\/yoast-seo-wordpress\/ -->\n<title>100 Jahre Geschichte - fartiamo<\/title>\n<meta name=\"robots\" content=\"noindex, nofollow\" \/>\n<meta property=\"og:locale\" content=\"de_DE\" \/>\n<meta property=\"og:type\" content=\"article\" \/>\n<meta property=\"og:title\" content=\"100 Jahre Geschichte - fartiamo\" \/>\n<meta property=\"og:description\" content=\"[vc_row][vc_column][dfd_spacer screen_wide_spacer_size=&#8220;100&#8243; screen_normal_resolution=&#8220;1024&#8243; screen_tablet_resolution=&#8220;800&#8243; screen_mobile_resolution=&#8220;480&#8243; screen_normal_spacer_size=&#8220;80&#8243; screen_tablet_spacer_size=&#8220;60&#8243; screen_mobile_spacer_size=&#8220;40&#8243;][\/vc_column][\/vc_row][vc_row css=&#8220;.vc_custom_1568638996273{padding-right: 25px !important;padding-left: 25px !important;}&#8220;][vc_column width=&#8220;1\/6&#8243; col_shadow=&#8220;box_shadow_enable:disable|shadow_horizontal:0|shadow_vertical:15|shadow_blur:50|shadow_spread:0|box_shadow_color:rgba(0%2C0%2C0%2C0.35)&#8220; col_shadow_hover=&#8220;box_shadow_enable:disable|shadow_horizontal:0|shadow_vertical:15|shadow_blur:50|shadow_spread:0|box_shadow_color:rgba(0%2C0%2C0%2C0.35)&#8220;][\/vc_column][vc_column width=&#8220;2\/3&#8243;][dfd_heading style=&#8220;style_06&#8243; subtitle=&#8220;Von 1923 bis 2023&#8243; module_animation=&#8220;transition.grow&#8220; delimiter_settings=&#8220;delimiter_style:solid|delimiter_width:80|delimiter_height:1|delimiter_color:%23ffffff&#8220; delimiter_margin=&#8220;margin-top:10|margin-bottom:30&#8243; undefined=&#8220;&#8220; title_font_options=&#8220;tag:h1&#8243; subtitle_font_options=&#8220;tag:h3&#8243; title_responsive=&#8220;font_size_desktop:45|line_height_desktop:55|letter_spacing_desktop:0|font_size_tablet:40|line_height_tablet:50|letter_spacing_tablet:0|font_size_mobile:35|line_height_mobile:45|letter_spacing_mobile:0&#8243; heading_margin=&#8220;margin-bottom:30&#8243;\" \/>\n<meta property=\"og:url\" content=\"https:\/\/fartiamo.ch\/de\/100-jahre-geschichte\/\" \/>\n<meta property=\"og:site_name\" content=\"fartiamo\" \/>\n<meta property=\"article:modified_time\" content=\"2025-05-12T07:43:01+00:00\" \/>\n<meta name=\"twitter:card\" content=\"summary_large_image\" \/>\n<meta name=\"twitter:label1\" content=\"Gesch\u00e4tzte Lesezeit\" \/>\n\t<meta name=\"twitter:data1\" content=\"4\u00a0Minuten\" \/>\n<script type=\"application\/ld+json\" class=\"yoast-schema-graph\">{\"@context\":\"https:\\\/\\\/schema.org\",\"@graph\":[{\"@type\":\"WebPage\",\"@id\":\"https:\\\/\\\/fartiamo.ch\\\/de\\\/100-jahre-geschichte\\\/\",\"url\":\"https:\\\/\\\/fartiamo.ch\\\/de\\\/100-jahre-geschichte\\\/\",\"name\":\"100 Jahre Geschichte - fartiamo\",\"isPartOf\":{\"@id\":\"http:\\\/\\\/fartiamo.ch\\\/de\\\/#website\"},\"datePublished\":\"2023-08-28T12:41:41+00:00\",\"dateModified\":\"2025-05-12T07:43:01+00:00\",\"breadcrumb\":{\"@id\":\"https:\\\/\\\/fartiamo.ch\\\/de\\\/100-jahre-geschichte\\\/#breadcrumb\"},\"inLanguage\":\"de\",\"potentialAction\":[{\"@type\":\"ReadAction\",\"target\":[\"https:\\\/\\\/fartiamo.ch\\\/de\\\/100-jahre-geschichte\\\/\"]}]},{\"@type\":\"BreadcrumbList\",\"@id\":\"https:\\\/\\\/fartiamo.ch\\\/de\\\/100-jahre-geschichte\\\/#breadcrumb\",\"itemListElement\":[{\"@type\":\"ListItem\",\"position\":1,\"name\":\"Home\",\"item\":\"https:\\\/\\\/fartiamo.ch\\\/de\\\/\"},{\"@type\":\"ListItem\",\"position\":2,\"name\":\"100 Jahre Geschichte\"}]},{\"@type\":\"WebSite\",\"@id\":\"http:\\\/\\\/fartiamo.ch\\\/de\\\/#website\",\"url\":\"http:\\\/\\\/fartiamo.ch\\\/de\\\/\",\"name\":\"fartiamo\",\"description\":\"Il trasporto che unisce citt\u00e0 e valli\",\"publisher\":{\"@id\":\"http:\\\/\\\/fartiamo.ch\\\/de\\\/#organization\"},\"potentialAction\":[{\"@type\":\"SearchAction\",\"target\":{\"@type\":\"EntryPoint\",\"urlTemplate\":\"http:\\\/\\\/fartiamo.ch\\\/de\\\/?s={search_term_string}\"},\"query-input\":{\"@type\":\"PropertyValueSpecification\",\"valueRequired\":true,\"valueName\":\"search_term_string\"}}],\"inLanguage\":\"de\"},{\"@type\":\"Organization\",\"@id\":\"http:\\\/\\\/fartiamo.ch\\\/de\\\/#organization\",\"name\":\"FART\",\"url\":\"http:\\\/\\\/fartiamo.ch\\\/de\\\/\",\"logo\":{\"@type\":\"ImageObject\",\"inLanguage\":\"de\",\"@id\":\"http:\\\/\\\/fartiamo.ch\\\/de\\\/#\\\/schema\\\/logo\\\/image\\\/\",\"url\":\"https:\\\/\\\/fartiamo.ch\\\/wp-content\\\/uploads\\\/2020\\\/11\\\/fart_logo_completo.svg\",\"contentUrl\":\"https:\\\/\\\/fartiamo.ch\\\/wp-content\\\/uploads\\\/2020\\\/11\\\/fart_logo_completo.svg\",\"width\":\"1024\",\"height\":\"1024\",\"caption\":\"FART\"},\"image\":{\"@id\":\"http:\\\/\\\/fartiamo.ch\\\/de\\\/#\\\/schema\\\/logo\\\/image\\\/\"}}]}<\/script>\n<!-- \/ Yoast SEO plugin. -->","yoast_head_json":{"title":"100 Jahre Geschichte - fartiamo","robots":{"index":"noindex","follow":"nofollow"},"og_locale":"de_DE","og_type":"article","og_title":"100 Jahre Geschichte - fartiamo","og_description":"[vc_row][vc_column][dfd_spacer screen_wide_spacer_size=&#8220;100&#8243; screen_normal_resolution=&#8220;1024&#8243; screen_tablet_resolution=&#8220;800&#8243; screen_mobile_resolution=&#8220;480&#8243; screen_normal_spacer_size=&#8220;80&#8243; screen_tablet_spacer_size=&#8220;60&#8243; screen_mobile_spacer_size=&#8220;40&#8243;][\/vc_column][\/vc_row][vc_row css=&#8220;.vc_custom_1568638996273{padding-right: 25px !important;padding-left: 25px !important;}&#8220;][vc_column width=&#8220;1\/6&#8243; col_shadow=&#8220;box_shadow_enable:disable|shadow_horizontal:0|shadow_vertical:15|shadow_blur:50|shadow_spread:0|box_shadow_color:rgba(0%2C0%2C0%2C0.35)&#8220; col_shadow_hover=&#8220;box_shadow_enable:disable|shadow_horizontal:0|shadow_vertical:15|shadow_blur:50|shadow_spread:0|box_shadow_color:rgba(0%2C0%2C0%2C0.35)&#8220;][\/vc_column][vc_column width=&#8220;2\/3&#8243;][dfd_heading style=&#8220;style_06&#8243; subtitle=&#8220;Von 1923 bis 2023&#8243; module_animation=&#8220;transition.grow&#8220; delimiter_settings=&#8220;delimiter_style:solid|delimiter_width:80|delimiter_height:1|delimiter_color:%23ffffff&#8220; delimiter_margin=&#8220;margin-top:10|margin-bottom:30&#8243; undefined=&#8220;&#8220; title_font_options=&#8220;tag:h1&#8243; subtitle_font_options=&#8220;tag:h3&#8243; title_responsive=&#8220;font_size_desktop:45|line_height_desktop:55|letter_spacing_desktop:0|font_size_tablet:40|line_height_tablet:50|letter_spacing_tablet:0|font_size_mobile:35|line_height_mobile:45|letter_spacing_mobile:0&#8243; heading_margin=&#8220;margin-bottom:30&#8243;","og_url":"https:\/\/fartiamo.ch\/de\/100-jahre-geschichte\/","og_site_name":"fartiamo","article_modified_time":"2025-05-12T07:43:01+00:00","twitter_card":"summary_large_image","twitter_misc":{"Gesch\u00e4tzte Lesezeit":"4\u00a0Minuten"},"schema":{"@context":"https:\/\/schema.org","@graph":[{"@type":"WebPage","@id":"https:\/\/fartiamo.ch\/de\/100-jahre-geschichte\/","url":"https:\/\/fartiamo.ch\/de\/100-jahre-geschichte\/","name":"100 Jahre Geschichte - fartiamo","isPartOf":{"@id":"http:\/\/fartiamo.ch\/de\/#website"},"datePublished":"2023-08-28T12:41:41+00:00","dateModified":"2025-05-12T07:43:01+00:00","breadcrumb":{"@id":"https:\/\/fartiamo.ch\/de\/100-jahre-geschichte\/#breadcrumb"},"inLanguage":"de","potentialAction":[{"@type":"ReadAction","target":["https:\/\/fartiamo.ch\/de\/100-jahre-geschichte\/"]}]},{"@type":"BreadcrumbList","@id":"https:\/\/fartiamo.ch\/de\/100-jahre-geschichte\/#breadcrumb","itemListElement":[{"@type":"ListItem","position":1,"name":"Home","item":"https:\/\/fartiamo.ch\/de\/"},{"@type":"ListItem","position":2,"name":"100 Jahre Geschichte"}]},{"@type":"WebSite","@id":"http:\/\/fartiamo.ch\/de\/#website","url":"http:\/\/fartiamo.ch\/de\/","name":"fartiamo","description":"Il trasporto che unisce citt\u00e0 e valli","publisher":{"@id":"http:\/\/fartiamo.ch\/de\/#organization"},"potentialAction":[{"@type":"SearchAction","target":{"@type":"EntryPoint","urlTemplate":"http:\/\/fartiamo.ch\/de\/?s={search_term_string}"},"query-input":{"@type":"PropertyValueSpecification","valueRequired":true,"valueName":"search_term_string"}}],"inLanguage":"de"},{"@type":"Organization","@id":"http:\/\/fartiamo.ch\/de\/#organization","name":"FART","url":"http:\/\/fartiamo.ch\/de\/","logo":{"@type":"ImageObject","inLanguage":"de","@id":"http:\/\/fartiamo.ch\/de\/#\/schema\/logo\/image\/","url":"https:\/\/fartiamo.ch\/wp-content\/uploads\/2020\/11\/fart_logo_completo.svg","contentUrl":"https:\/\/fartiamo.ch\/wp-content\/uploads\/2020\/11\/fart_logo_completo.svg","width":"1024","height":"1024","caption":"FART"},"image":{"@id":"http:\/\/fartiamo.ch\/de\/#\/schema\/logo\/image\/"}}]}},"_links":{"self":[{"href":"https:\/\/fartiamo.ch\/de\/wp-json\/wp\/v2\/pages\/38500","targetHints":{"allow":["GET"]}}],"collection":[{"href":"https:\/\/fartiamo.ch\/de\/wp-json\/wp\/v2\/pages"}],"about":[{"href":"https:\/\/fartiamo.ch\/de\/wp-json\/wp\/v2\/types\/page"}],"author":[{"embeddable":true,"href":"https:\/\/fartiamo.ch\/de\/wp-json\/wp\/v2\/users\/1"}],"replies":[{"embeddable":true,"href":"https:\/\/fartiamo.ch\/de\/wp-json\/wp\/v2\/comments?post=38500"}],"version-history":[{"count":5,"href":"https:\/\/fartiamo.ch\/de\/wp-json\/wp\/v2\/pages\/38500\/revisions"}],"predecessor-version":[{"id":40981,"href":"https:\/\/fartiamo.ch\/de\/wp-json\/wp\/v2\/pages\/38500\/revisions\/40981"}],"wp:attachment":[{"href":"https:\/\/fartiamo.ch\/de\/wp-json\/wp\/v2\/media?parent=38500"}],"curies":[{"name":"wp","href":"https:\/\/api.w.org\/{rel}","templated":true}]}}