{"id":38515,"date":"2023-08-28T14:45:54","date_gmt":"2023-08-28T12:45:54","guid":{"rendered":"https:\/\/fartiamo.ch\/?page_id=38515"},"modified":"2025-05-28T12:19:04","modified_gmt":"2025-05-28T10:19:04","slug":"100-ans-de-nouveaux-trains","status":"publish","type":"page","link":"https:\/\/fartiamo.ch\/fr\/100-ans-de-nouveaux-trains\/","title":{"rendered":"100 ans de nouveaux trains"},"content":{"rendered":"<div class=\"wpb-content-wrapper\"><p>[vc_row][vc_column][dfd_spacer screen_wide_spacer_size=\u00a0\u00bb100&Prime; screen_normal_resolution=\u00a0\u00bb1024&Prime; screen_tablet_resolution=\u00a0\u00bb800&Prime; screen_mobile_resolution=\u00a0\u00bb480&Prime; screen_normal_spacer_size=\u00a0\u00bb80&Prime; screen_tablet_spacer_size=\u00a0\u00bb60&Prime; screen_mobile_spacer_size=\u00a0\u00bb40&Prime;][\/vc_column][\/vc_row][vc_row css=\u00a0\u00bb.vc_custom_1568638996273{padding-right: 25px !important;padding-left: 25px !important;}\u00a0\u00bb][vc_column width=\u00a0\u00bb1\/6&Prime; col_shadow=\u00a0\u00bbbox_shadow_enable:disable|shadow_horizontal:0|shadow_vertical:15|shadow_blur:50|shadow_spread:0|box_shadow_color:rgba(0%2C0%2C0%2C0.35)\u00a0\u00bb col_shadow_hover=\u00a0\u00bbbox_shadow_enable:disable|shadow_horizontal:0|shadow_vertical:15|shadow_blur:50|shadow_spread:0|box_shadow_color:rgba(0%2C0%2C0%2C0.35)\u00a0\u00bb][\/vc_column][vc_column width=\u00a0\u00bb2\/3&Prime;][dfd_heading style=\u00a0\u00bbstyle_06&Prime; subtitle=\u00a0\u00bbNouveaux trains FART\u00a0\u00bb module_animation=\u00a0\u00bbtransition.grow\u00a0\u00bb delimiter_settings=\u00a0\u00bbdelimiter_style:solid|delimiter_width:80|delimiter_height:1|delimiter_color:%23ffffff\u00a0\u00bb delimiter_margin=\u00a0\u00bbmargin-top:10|margin-bottom:30&Prime; undefined=\u00a0\u00bb\u00a0\u00bb title_font_options=\u00a0\u00bbtag:h1&Prime; subtitle_font_options=\u00a0\u00bbtag:h3&Prime; title_responsive=\u00a0\u00bbfont_size_desktop:45|line_height_desktop:55|letter_spacing_desktop:0|font_size_tablet:40|line_height_tablet:50|letter_spacing_tablet:0|font_size_mobile:35|line_height_mobile:45|letter_spacing_mobile:0&Prime; heading_margin=\u00a0\u00bbmargin-bottom:30&Prime; subtitle_responsive=\u00a0\u00bbfont_size_desktop:26|line_height_desktop:40|letter_spacing_desktop:0|font_size_tablet:24|line_height_tablet:38|letter_spacing_tablet:0|font_size_mobile:22|line_height_mobile:36|letter_spacing_mobile:0&Prime;]<strong>Les trains du futur sont d\u00e9sormais une r\u00e9alit\u00e9<\/strong>[\/dfd_heading][dfd_spacer screen_wide_spacer_size=\u00a0\u00bb40&Prime; screen_normal_resolution=\u00a0\u00bb1024&Prime; screen_tablet_resolution=\u00a0\u00bb800&Prime; screen_mobile_resolution=\u00a0\u00bb480&Prime;][dfd_single_image image=\u00a0\u00bb42540&Prime;][dfd_spacer screen_wide_spacer_size=\u00a0\u00bb25&Prime; screen_normal_resolution=\u00a0\u00bb1024&Prime; screen_tablet_resolution=\u00a0\u00bb800&Prime; screen_mobile_resolution=\u00a0\u00bb480&Prime;][dfd_heading style=\u00a0\u00bbstyle_06&Prime; subtitle=\u00a0\u00bb\u00a0\u00bb content_alignment=\u00a0\u00bbtext-left\u00a0\u00bb module_animation=\u00a0\u00bbtransition.fadeIn\u00a0\u00bb enable_delimiter=\u00a0\u00bb\u00a0\u00bb undefined=\u00a0\u00bb\u00a0\u00bb title_font_options=\u00a0\u00bbtag:h3&Prime; subtitle_font_options=\u00a0\u00bbtag:h3&Prime; title_responsive=\u00a0\u00bbfont_size_desktop:26|line_height_desktop:40|letter_spacing_desktop:0|font_size_tablet:24|line_height_tablet:38|letter_spacing_tablet:0|font_size_mobile:22|line_height_mobile:36|letter_spacing_mobile:0&Prime; heading_margin=\u00a0\u00bbmargin-bottom:30&Prime;]Les Ferrovie Autolinee Regionali Ticinesi (FART) l\u00e8vent le rideau sur le premier nouveau train de la ligne Vigezzina-Centovalli, arriv\u00e9 \u00e0 Ponte Brolla ces derni\u00e8res semaines. Ce jour marque le d\u00e9but du renouvellement de la flotte du service r\u00e9gional Locarno-Intragna-Camedo et du service international Locarno-Domodossola, un processus qui s&rsquo;ach\u00e8vera en 2025.[\/dfd_heading][vc_column_text]\u00c0 l&rsquo;occasion du centenaire de la ligne ferroviaire Vigezzina-Centovalli, la premi\u00e8re des huit nouvelles rames construites par la soci\u00e9t\u00e9 suisse Stadler a \u00e9t\u00e9 pr\u00e9sent\u00e9e aujourd&rsquo;hui. Les nouvelles rames r\u00e9pondent aux exigences croissantes de confort, de fiabilit\u00e9 et de s\u00e9curit\u00e9 des transports publics et du tourisme dans la r\u00e9gion.<\/p>\n<p>Les nouvelles rames ont \u00e9t\u00e9 con\u00e7ues pour r\u00e9pondre aux besoins d&rsquo;une client\u00e8le de plus en plus diversifi\u00e9e : elles offrent des espaces r\u00e9serv\u00e9s aux familles, avec des zones d\u00e9di\u00e9es aux poussettes, des installations \u00e9quip\u00e9es pour les petits voyageurs et des zones accessibles aux utilisateurs de fauteuils roulants.<\/p>\n<p>Pour les plus sportifs, le transport de v\u00e9los a \u00e9t\u00e9 introduit, avec la possibilit\u00e9 de charger jusqu&rsquo;\u00e0 3-4 deux-roues par train. Le design moderne et l&rsquo;int\u00e9rieur spacieux offrent une plus grande capacit\u00e9 d&rsquo;accueil, allant de 109 \u00e0 142 si\u00e8ges. Le syst\u00e8me d&rsquo;information \u00e0 bord est dynamique et en temps r\u00e9el, offrant aux passagers une exp\u00e9rience de plus en plus personnalis\u00e9e. L&rsquo;ensemble de la flotte sera op\u00e9rationnel \u00e0 la mi-2025.<\/p>\n<p><strong>Le soutien de la Conf\u00e9d\u00e9ration et du canton<\/strong><br \/>\nMartin von K\u00e4nel, chef de la division Financement de l&rsquo;Office f\u00e9d\u00e9ral des transports, a d\u00e9clar\u00e9 : \u00ab Dans le trafic r\u00e9gional de voyageurs, command\u00e9 et cofinanc\u00e9 par le canton et la Conf\u00e9d\u00e9ration, le FART est l&rsquo;une des rares compagnies ferroviaires \u00e0 voie m\u00e9trique \u00e0 assurer une liaison entre la Suisse et l&rsquo;\u00e9tranger. La mise en service des 8 nouveaux v\u00e9hicules, ainsi que la modernisation des gares, garantiront un service plus moderne et de qualit\u00e9 face \u00e0 l&rsquo;augmentation des usagers \u00bb. Claudio Zali, directeur du d\u00e9partement du territoire, a soulign\u00e9 que le remplacement des trains Centovallina, devenus obsol\u00e8tes, \u00ab fait partie de l&rsquo;adaptation aux param\u00e8tres d&rsquo;accessibilit\u00e9 \u00e9tablis par la loi, en particulier pour les personnes handicap\u00e9es. La nouvelle flotte de trains permettra \u00e9galement de r\u00e9pondre \u00e0 l&rsquo;\u00e9volution de la fr\u00e9quence des correspondances \u00bb.<\/p>\n<p><strong>Trains uniques et \u00ab\u00a0sur mesure\u00a0\u00bb<\/strong><br \/>\nPaolo Caroni, pr\u00e9sident de FART, a soulign\u00e9: \u00a0\u00bb Il y a quelques semaines, le nouveau train Stadler a \u00e9t\u00e9 pr\u00e9sent\u00e9 au salon InnoTrans de Berlin, o\u00f9 il a \u00e9t\u00e9 tr\u00e8s appr\u00e9ci\u00e9 pour ses innovations techniques et design \u00ab\u00a0. En ce qui concerne le trafic r\u00e9gional, \u00ab\u00a0les nouveaux trains permettront d&rsquo;accro\u00eetre la capacit\u00e9 et d&rsquo;am\u00e9liorer la fr\u00e9quence des trajets, avec un service horaire entre Locarno et Camedo et, \u00e0 partir de 2028, un service semi-horaire entre Locarno et Intragna\u00a0\u00bb. Florian Weiss, responsable du projet FART chez Stadler Bussnang AG, explique qu&rsquo;il s&rsquo;agit de trains \u00ab\u00a0sur mesure\u00a0\u00bb et uniques: \u00ab\u00a0Stadler est fi\u00e8re de contribuer \u00e0 la modernisation de la Centovallina. Les trains sont construits en Suisse pour la Suisse. Ils s\u00e9duisent par des innovations nouvelles et personnalis\u00e9es compl\u00e9t\u00e9es dans un design harmonieux qui refl\u00e8te le paysage dans lequel ils circulent. Conform\u00e9ment \u00e0 la loi sur les personnes handicap\u00e9es, les trains permettent aux FART d&rsquo;assurer un fonctionnement fiable et ponctuel. Le nouveau design et l&rsquo;am\u00e9nagement int\u00e9rieur des trains permettent un nouveau niveau de confort pour les passagers, augmentent la s\u00e9curit\u00e9 des voyageurs et du personnel et caract\u00e9risent l&rsquo;apparence de la nouvelle Centovallina. \u00a0\u00bb<\/p>\n<p><strong>Un nouvel \u00e9lan pour le secteur touristique r\u00e9gional et suisse<\/strong><br \/>\n\u00ab\u00a0La fascinante Centovallina est l&rsquo;une de nos lignes ferroviaires les plus attrayantes &#8211; a soulign\u00e9 Luca Giordani, responsable du secteur Touring chez Suisse Tourisme -. Elle constitue en outre une liaison strat\u00e9giquement importante entre les lignes du Gothard et du Simplon et fait donc partie du Grand Train Tour of Switzerland, comme un parcours de liaison particuli\u00e8rement agr\u00e9able. Notre marketing touristique mondial tire toujours profit lorsqu&rsquo;un produit touristique s&rsquo;accorde parfaitement avec un paysage pittoresque.\u00a0\u00bb<\/p>\n<p><strong>Nouveaux trains, nouveaux noms: voil\u00e0 les laur\u00e9ats du concours<\/strong><br \/>\nLors de la conf\u00e9rence de presse d&rsquo;aujourd&rsquo;hui, les noms des nouveaux trains choisis par le public dans le cadre du concours \u00ab\u00a0Nouveaux trains, nouvelles \u00e9motions\u00a0\u00bb ont \u00e9t\u00e9 annonc\u00e9s. Les trains porteront les noms suivants: Madonna del Sasso, Piazza Grande, Ghiridone, Comino, Vecchia, Rasa, Isole di Brissago et Bordei.[\/vc_column_text][\/vc_column][vc_column width=\u00a0\u00bb1\/6&Prime;][\/vc_column][\/vc_row][vc_row][vc_column][dfd_spacer screen_wide_spacer_size=\u00a0\u00bb150&Prime; screen_normal_resolution=\u00a0\u00bb1024&Prime; screen_tablet_resolution=\u00a0\u00bb800&Prime; screen_mobile_resolution=\u00a0\u00bb480&Prime; screen_normal_spacer_size=\u00a0\u00bb150&Prime; screen_tablet_spacer_size=\u00a0\u00bb125&Prime; screen_mobile_spacer_size=\u00a0\u00bb125&Prime;][\/vc_column][\/vc_row][vc_row][vc_column][dfd_videoplayer video_link=\u00a0\u00bbhttps:\/\/www.youtube.com\/watch?v=AjL4sNrimMI\u00a0\u00bb main_style=\u00a0\u00bbstyle-1&Prime; tutorials=\u00a0\u00bb\u00a0\u00bb][\/vc_column][\/vc_row][vc_row][vc_column][dfd_heading style=\u00a0\u00bbstyle_06&Prime; subtitle=\u00a0\u00bb\u00a0\u00bb delimiter_settings=\u00a0\u00bbdelimiter_style:solid|delimiter_width:80|delimiter_height:1&Prime; title_font_options=\u00a0\u00bbtag:h2&Prime; subtitle_font_options=\u00a0\u00bbtag:div\u00a0\u00bb]Galerie de photos[\/dfd_heading][\/vc_column][\/vc_row][vc_row][vc_column][dfd_simple_image_gallery dfd_layer_image=\u00a0\u00bb42544,42548,42552,42556,42560,42564,42568,42572,42576,42580,42584,42588,42592,42596,42600,42604,42608,42612,42616,42620,42624,42628,42632,42636,42640&Prime; items_offset=\u00a0\u00bb0&Prime; image_width=\u00a0\u00bb900&Prime; image_height=\u00a0\u00bb600&Prime; slides_to_show=\u00a0\u00bb3&Prime; slides_to_scroll=\u00a0\u00bb1&Prime; carousel_slideshow_speed=\u00a0\u00bb3000&Prime; images_style=\u00a0\u00bbcarousel\u00a0\u00bb][\/vc_column][\/vc_row][vc_row][vc_column][dfd_spacer screen_wide_spacer_size=\u00a0\u00bb150&Prime; screen_normal_resolution=\u00a0\u00bb1024&Prime; screen_tablet_resolution=\u00a0\u00bb800&Prime; screen_mobile_resolution=\u00a0\u00bb480&Prime; screen_normal_spacer_size=\u00a0\u00bb150&Prime; screen_tablet_spacer_size=\u00a0\u00bb125&Prime; screen_mobile_spacer_size=\u00a0\u00bb125&Prime;][\/vc_column][\/vc_row]<\/p>\n<\/div>","protected":false},"excerpt":{"rendered":"<p>[vc_row][vc_column][dfd_spacer screen_wide_spacer_size=\u00a0\u00bb100&Prime; screen_normal_resolution=\u00a0\u00bb1024&Prime; screen_tablet_resolution=\u00a0\u00bb800&Prime; screen_mobile_resolution=\u00a0\u00bb480&Prime; screen_normal_spacer_size=\u00a0\u00bb80&Prime; screen_tablet_spacer_size=\u00a0\u00bb60&Prime; screen_mobile_spacer_size=\u00a0\u00bb40&Prime;][\/vc_column][\/vc_row][vc_row css=\u00a0\u00bb.vc_custom_1568638996273{padding-right: 25px !important;padding-left: 25px !important;}\u00a0\u00bb][vc_column width=\u00a0\u00bb1\/6&Prime; col_shadow=\u00a0\u00bbbox_shadow_enable:disable|shadow_horizontal:0|shadow_vertical:15|shadow_blur:50|shadow_spread:0|box_shadow_color:rgba(0%2C0%2C0%2C0.35)\u00a0\u00bb col_shadow_hover=\u00a0\u00bbbox_shadow_enable:disable|shadow_horizontal:0|shadow_vertical:15|shadow_blur:50|shadow_spread:0|box_shadow_color:rgba(0%2C0%2C0%2C0.35)\u00a0\u00bb][\/vc_column][vc_column width=\u00a0\u00bb2\/3&Prime;][dfd_heading style=\u00a0\u00bbstyle_06&Prime; subtitle=\u00a0\u00bbNouveaux trains FART\u00a0\u00bb module_animation=\u00a0\u00bbtransition.grow\u00a0\u00bb delimiter_settings=\u00a0\u00bbdelimiter_style:solid|delimiter_width:80|delimiter_height:1|delimiter_color:%23ffffff\u00a0\u00bb delimiter_margin=\u00a0\u00bbmargin-top:10|margin-bottom:30&Prime; undefined=\u00a0\u00bb\u00a0\u00bb title_font_options=\u00a0\u00bbtag:h1&Prime; subtitle_font_options=\u00a0\u00bbtag:h3&Prime; title_responsive=\u00a0\u00bbfont_size_desktop:45|line_height_desktop:55|letter_spacing_desktop:0|font_size_tablet:40|line_height_tablet:50|letter_spacing_tablet:0|font_size_mobile:35|line_height_mobile:45|letter_spacing_mobile:0&Prime; heading_margin=\u00a0\u00bbmargin-bottom:30&Prime; subtitle_responsive=\u00a0\u00bbfont_size_desktop:26|line_height_desktop:40|letter_spacing_desktop:0|font_size_tablet:24|line_height_tablet:38|letter_spacing_tablet:0|font_size_mobile:22|line_height_mobile:36|letter_spacing_mobile:0&Prime;]Les<\/p>\n","protected":false},"author":1,"featured_media":0,"parent":0,"menu_order":0,"comment_status":"closed","ping_status":"closed","template":"tmp-page.php","meta":{"inline_featured_image":false,"_monsterinsights_skip_tracking":false,"_monsterinsights_sitenote_active":false,"_monsterinsights_sitenote_note":"","_monsterinsights_sitenote_category":0,"footnotes":""},"class_list":["post-38515","page","type-page","status-publish","hentry"],"yoast_head":"<!-- This site is optimized with the Yoast SEO plugin v27.4 - https:\/\/yoast.com\/product\/yoast-seo-wordpress\/ -->\n<title>100 ans de nouveaux trains - fartiamo<\/title>\n<meta name=\"robots\" content=\"noindex, nofollow\" \/>\n<meta property=\"og:locale\" content=\"fr_FR\" \/>\n<meta property=\"og:type\" content=\"article\" \/>\n<meta property=\"og:title\" content=\"100 ans de nouveaux trains - fartiamo\" \/>\n<meta property=\"og:description\" content=\"[vc_row][vc_column][dfd_spacer screen_wide_spacer_size=\u00a0\u00bb100&Prime; screen_normal_resolution=\u00a0\u00bb1024&Prime; screen_tablet_resolution=\u00a0\u00bb800&Prime; screen_mobile_resolution=\u00a0\u00bb480&Prime; screen_normal_spacer_size=\u00a0\u00bb80&Prime; screen_tablet_spacer_size=\u00a0\u00bb60&Prime; screen_mobile_spacer_size=\u00a0\u00bb40&Prime;][\/vc_column][\/vc_row][vc_row css=\u00a0\u00bb.vc_custom_1568638996273{padding-right: 25px !important;padding-left: 25px !important;}\u00a0\u00bb][vc_column width=\u00a0\u00bb1\/6&Prime; col_shadow=\u00a0\u00bbbox_shadow_enable:disable|shadow_horizontal:0|shadow_vertical:15|shadow_blur:50|shadow_spread:0|box_shadow_color:rgba(0%2C0%2C0%2C0.35)\u00a0\u00bb col_shadow_hover=\u00a0\u00bbbox_shadow_enable:disable|shadow_horizontal:0|shadow_vertical:15|shadow_blur:50|shadow_spread:0|box_shadow_color:rgba(0%2C0%2C0%2C0.35)\u00a0\u00bb][\/vc_column][vc_column width=\u00a0\u00bb2\/3&Prime;][dfd_heading style=\u00a0\u00bbstyle_06&Prime; subtitle=\u00a0\u00bbNouveaux trains FART\u00a0\u00bb module_animation=\u00a0\u00bbtransition.grow\u00a0\u00bb delimiter_settings=\u00a0\u00bbdelimiter_style:solid|delimiter_width:80|delimiter_height:1|delimiter_color:%23ffffff\u00a0\u00bb delimiter_margin=\u00a0\u00bbmargin-top:10|margin-bottom:30&Prime; undefined=\u00a0\u00bb\u00a0\u00bb title_font_options=\u00a0\u00bbtag:h1&Prime; subtitle_font_options=\u00a0\u00bbtag:h3&Prime; title_responsive=\u00a0\u00bbfont_size_desktop:45|line_height_desktop:55|letter_spacing_desktop:0|font_size_tablet:40|line_height_tablet:50|letter_spacing_tablet:0|font_size_mobile:35|line_height_mobile:45|letter_spacing_mobile:0&Prime; heading_margin=\u00a0\u00bbmargin-bottom:30&Prime; subtitle_responsive=\u00a0\u00bbfont_size_desktop:26|line_height_desktop:40|letter_spacing_desktop:0|font_size_tablet:24|line_height_tablet:38|letter_spacing_tablet:0|font_size_mobile:22|line_height_mobile:36|letter_spacing_mobile:0&Prime;]Les\" \/>\n<meta property=\"og:url\" content=\"https:\/\/fartiamo.ch\/fr\/100-ans-de-nouveaux-trains\/\" \/>\n<meta property=\"og:site_name\" content=\"fartiamo\" \/>\n<meta property=\"article:modified_time\" content=\"2025-05-28T10:19:04+00:00\" \/>\n<meta name=\"twitter:card\" content=\"summary_large_image\" \/>\n<meta name=\"twitter:label1\" content=\"Dur\u00e9e de lecture estim\u00e9e\" \/>\n\t<meta name=\"twitter:data1\" content=\"6 minutes\" \/>\n<script type=\"application\/ld+json\" class=\"yoast-schema-graph\">{\"@context\":\"https:\\\/\\\/schema.org\",\"@graph\":[{\"@type\":\"WebPage\",\"@id\":\"https:\\\/\\\/fartiamo.ch\\\/fr\\\/100-ans-de-nouveaux-trains\\\/\",\"url\":\"https:\\\/\\\/fartiamo.ch\\\/fr\\\/100-ans-de-nouveaux-trains\\\/\",\"name\":\"100 ans de nouveaux trains - fartiamo\",\"isPartOf\":{\"@id\":\"http:\\\/\\\/fartiamo.ch\\\/fr\\\/#website\"},\"datePublished\":\"2023-08-28T12:45:54+00:00\",\"dateModified\":\"2025-05-28T10:19:04+00:00\",\"breadcrumb\":{\"@id\":\"https:\\\/\\\/fartiamo.ch\\\/fr\\\/100-ans-de-nouveaux-trains\\\/#breadcrumb\"},\"inLanguage\":\"fr-FR\",\"potentialAction\":[{\"@type\":\"ReadAction\",\"target\":[\"https:\\\/\\\/fartiamo.ch\\\/fr\\\/100-ans-de-nouveaux-trains\\\/\"]}]},{\"@type\":\"BreadcrumbList\",\"@id\":\"https:\\\/\\\/fartiamo.ch\\\/fr\\\/100-ans-de-nouveaux-trains\\\/#breadcrumb\",\"itemListElement\":[{\"@type\":\"ListItem\",\"position\":1,\"name\":\"Home\",\"item\":\"https:\\\/\\\/fartiamo.ch\\\/fr\\\/\"},{\"@type\":\"ListItem\",\"position\":2,\"name\":\"100 ans de nouveaux trains\"}]},{\"@type\":\"WebSite\",\"@id\":\"http:\\\/\\\/fartiamo.ch\\\/fr\\\/#website\",\"url\":\"http:\\\/\\\/fartiamo.ch\\\/fr\\\/\",\"name\":\"fartiamo\",\"description\":\"Il trasporto che unisce citt\u00e0 e valli\",\"publisher\":{\"@id\":\"http:\\\/\\\/fartiamo.ch\\\/fr\\\/#organization\"},\"potentialAction\":[{\"@type\":\"SearchAction\",\"target\":{\"@type\":\"EntryPoint\",\"urlTemplate\":\"http:\\\/\\\/fartiamo.ch\\\/fr\\\/?s={search_term_string}\"},\"query-input\":{\"@type\":\"PropertyValueSpecification\",\"valueRequired\":true,\"valueName\":\"search_term_string\"}}],\"inLanguage\":\"fr-FR\"},{\"@type\":\"Organization\",\"@id\":\"http:\\\/\\\/fartiamo.ch\\\/fr\\\/#organization\",\"name\":\"FART\",\"url\":\"http:\\\/\\\/fartiamo.ch\\\/fr\\\/\",\"logo\":{\"@type\":\"ImageObject\",\"inLanguage\":\"fr-FR\",\"@id\":\"http:\\\/\\\/fartiamo.ch\\\/fr\\\/#\\\/schema\\\/logo\\\/image\\\/\",\"url\":\"https:\\\/\\\/fartiamo.ch\\\/wp-content\\\/uploads\\\/2020\\\/11\\\/fart_logo_completo.svg\",\"contentUrl\":\"https:\\\/\\\/fartiamo.ch\\\/wp-content\\\/uploads\\\/2020\\\/11\\\/fart_logo_completo.svg\",\"width\":\"1024\",\"height\":\"1024\",\"caption\":\"FART\"},\"image\":{\"@id\":\"http:\\\/\\\/fartiamo.ch\\\/fr\\\/#\\\/schema\\\/logo\\\/image\\\/\"}}]}<\/script>\n<!-- \/ Yoast SEO plugin. -->","yoast_head_json":{"title":"100 ans de nouveaux trains - fartiamo","robots":{"index":"noindex","follow":"nofollow"},"og_locale":"fr_FR","og_type":"article","og_title":"100 ans de nouveaux trains - fartiamo","og_description":"[vc_row][vc_column][dfd_spacer screen_wide_spacer_size=\u00a0\u00bb100&Prime; screen_normal_resolution=\u00a0\u00bb1024&Prime; screen_tablet_resolution=\u00a0\u00bb800&Prime; screen_mobile_resolution=\u00a0\u00bb480&Prime; screen_normal_spacer_size=\u00a0\u00bb80&Prime; screen_tablet_spacer_size=\u00a0\u00bb60&Prime; screen_mobile_spacer_size=\u00a0\u00bb40&Prime;][\/vc_column][\/vc_row][vc_row css=\u00a0\u00bb.vc_custom_1568638996273{padding-right: 25px !important;padding-left: 25px !important;}\u00a0\u00bb][vc_column width=\u00a0\u00bb1\/6&Prime; col_shadow=\u00a0\u00bbbox_shadow_enable:disable|shadow_horizontal:0|shadow_vertical:15|shadow_blur:50|shadow_spread:0|box_shadow_color:rgba(0%2C0%2C0%2C0.35)\u00a0\u00bb col_shadow_hover=\u00a0\u00bbbox_shadow_enable:disable|shadow_horizontal:0|shadow_vertical:15|shadow_blur:50|shadow_spread:0|box_shadow_color:rgba(0%2C0%2C0%2C0.35)\u00a0\u00bb][\/vc_column][vc_column width=\u00a0\u00bb2\/3&Prime;][dfd_heading style=\u00a0\u00bbstyle_06&Prime; subtitle=\u00a0\u00bbNouveaux trains FART\u00a0\u00bb module_animation=\u00a0\u00bbtransition.grow\u00a0\u00bb delimiter_settings=\u00a0\u00bbdelimiter_style:solid|delimiter_width:80|delimiter_height:1|delimiter_color:%23ffffff\u00a0\u00bb delimiter_margin=\u00a0\u00bbmargin-top:10|margin-bottom:30&Prime; undefined=\u00a0\u00bb\u00a0\u00bb title_font_options=\u00a0\u00bbtag:h1&Prime; subtitle_font_options=\u00a0\u00bbtag:h3&Prime; title_responsive=\u00a0\u00bbfont_size_desktop:45|line_height_desktop:55|letter_spacing_desktop:0|font_size_tablet:40|line_height_tablet:50|letter_spacing_tablet:0|font_size_mobile:35|line_height_mobile:45|letter_spacing_mobile:0&Prime; heading_margin=\u00a0\u00bbmargin-bottom:30&Prime; subtitle_responsive=\u00a0\u00bbfont_size_desktop:26|line_height_desktop:40|letter_spacing_desktop:0|font_size_tablet:24|line_height_tablet:38|letter_spacing_tablet:0|font_size_mobile:22|line_height_mobile:36|letter_spacing_mobile:0&Prime;]Les","og_url":"https:\/\/fartiamo.ch\/fr\/100-ans-de-nouveaux-trains\/","og_site_name":"fartiamo","article_modified_time":"2025-05-28T10:19:04+00:00","twitter_card":"summary_large_image","twitter_misc":{"Dur\u00e9e de lecture estim\u00e9e":"6 minutes"},"schema":{"@context":"https:\/\/schema.org","@graph":[{"@type":"WebPage","@id":"https:\/\/fartiamo.ch\/fr\/100-ans-de-nouveaux-trains\/","url":"https:\/\/fartiamo.ch\/fr\/100-ans-de-nouveaux-trains\/","name":"100 ans de nouveaux trains - fartiamo","isPartOf":{"@id":"http:\/\/fartiamo.ch\/fr\/#website"},"datePublished":"2023-08-28T12:45:54+00:00","dateModified":"2025-05-28T10:19:04+00:00","breadcrumb":{"@id":"https:\/\/fartiamo.ch\/fr\/100-ans-de-nouveaux-trains\/#breadcrumb"},"inLanguage":"fr-FR","potentialAction":[{"@type":"ReadAction","target":["https:\/\/fartiamo.ch\/fr\/100-ans-de-nouveaux-trains\/"]}]},{"@type":"BreadcrumbList","@id":"https:\/\/fartiamo.ch\/fr\/100-ans-de-nouveaux-trains\/#breadcrumb","itemListElement":[{"@type":"ListItem","position":1,"name":"Home","item":"https:\/\/fartiamo.ch\/fr\/"},{"@type":"ListItem","position":2,"name":"100 ans de nouveaux trains"}]},{"@type":"WebSite","@id":"http:\/\/fartiamo.ch\/fr\/#website","url":"http:\/\/fartiamo.ch\/fr\/","name":"fartiamo","description":"Il trasporto che unisce citt\u00e0 e valli","publisher":{"@id":"http:\/\/fartiamo.ch\/fr\/#organization"},"potentialAction":[{"@type":"SearchAction","target":{"@type":"EntryPoint","urlTemplate":"http:\/\/fartiamo.ch\/fr\/?s={search_term_string}"},"query-input":{"@type":"PropertyValueSpecification","valueRequired":true,"valueName":"search_term_string"}}],"inLanguage":"fr-FR"},{"@type":"Organization","@id":"http:\/\/fartiamo.ch\/fr\/#organization","name":"FART","url":"http:\/\/fartiamo.ch\/fr\/","logo":{"@type":"ImageObject","inLanguage":"fr-FR","@id":"http:\/\/fartiamo.ch\/fr\/#\/schema\/logo\/image\/","url":"https:\/\/fartiamo.ch\/wp-content\/uploads\/2020\/11\/fart_logo_completo.svg","contentUrl":"https:\/\/fartiamo.ch\/wp-content\/uploads\/2020\/11\/fart_logo_completo.svg","width":"1024","height":"1024","caption":"FART"},"image":{"@id":"http:\/\/fartiamo.ch\/fr\/#\/schema\/logo\/image\/"}}]}},"_links":{"self":[{"href":"https:\/\/fartiamo.ch\/fr\/wp-json\/wp\/v2\/pages\/38515","targetHints":{"allow":["GET"]}}],"collection":[{"href":"https:\/\/fartiamo.ch\/fr\/wp-json\/wp\/v2\/pages"}],"about":[{"href":"https:\/\/fartiamo.ch\/fr\/wp-json\/wp\/v2\/types\/page"}],"author":[{"embeddable":true,"href":"https:\/\/fartiamo.ch\/fr\/wp-json\/wp\/v2\/users\/1"}],"replies":[{"embeddable":true,"href":"https:\/\/fartiamo.ch\/fr\/wp-json\/wp\/v2\/comments?post=38515"}],"version-history":[{"count":10,"href":"https:\/\/fartiamo.ch\/fr\/wp-json\/wp\/v2\/pages\/38515\/revisions"}],"predecessor-version":[{"id":42701,"href":"https:\/\/fartiamo.ch\/fr\/wp-json\/wp\/v2\/pages\/38515\/revisions\/42701"}],"wp:attachment":[{"href":"https:\/\/fartiamo.ch\/fr\/wp-json\/wp\/v2\/media?parent=38515"}],"curies":[{"name":"wp","href":"https:\/\/api.w.org\/{rel}","templated":true}]}}