{"id":40531,"date":"2024-03-04T09:13:35","date_gmt":"2024-03-04T08:13:35","guid":{"rendered":"https:\/\/fartiamo.ch\/?page_id=40531"},"modified":"2025-05-28T12:19:20","modified_gmt":"2025-05-28T10:19:20","slug":"codice-etico","status":"publish","type":"page","link":"https:\/\/fartiamo.ch\/fr\/codice-etico\/","title":{"rendered":"Codice etico"},"content":{"rendered":"<div class=\"wpb-content-wrapper\"><p>[vc_row][vc_column col_shadow=\u00a0\u00bbbox_shadow_enable:disable|shadow_horizontal:0|shadow_vertical:15|shadow_blur:50|shadow_spread:0|box_shadow_color:rgba(0%2C0%2C0%2C0.35)\u00a0\u00bb col_shadow_hover=\u00a0\u00bbbox_shadow_enable:disable|shadow_horizontal:0|shadow_vertical:15|shadow_blur:50|shadow_spread:0|box_shadow_color:rgba(0%2C0%2C0%2C0.35)\u00a0\u00bb][dfd_spacer screen_wide_spacer_size=\u00a0\u00bb40&Prime; screen_normal_resolution=\u00a0\u00bb1024&Prime; screen_tablet_resolution=\u00a0\u00bb800&Prime; screen_mobile_resolution=\u00a0\u00bb480&Prime; screen_normal_spacer_size=\u00a0\u00bb40&Prime; screen_tablet_spacer_size=\u00a0\u00bb20&Prime; screen_mobile_spacer_size=\u00a0\u00bb20&Prime;][dfd_heading subtitle=\u00a0\u00bb\u00a0\u00bb content_alignment=\u00a0\u00bbtext-left\u00a0\u00bb delimiter_settings=\u00a0\u00bbdelimiter_style:solid|delimiter_width:80|delimiter_height:1&Prime; title_font_options=\u00a0\u00bbtag:h2&Prime; subtitle_font_options=\u00a0\u00bbtag:div\u00a0\u00bb]<strong>Code d&rsquo;\u00e9thique<\/strong>[\/dfd_heading][dfd_spacer screen_wide_spacer_size=\u00a0\u00bb40&Prime; screen_normal_resolution=\u00a0\u00bb1024&Prime; screen_tablet_resolution=\u00a0\u00bb800&Prime; screen_mobile_resolution=\u00a0\u00bb480&Prime; screen_normal_spacer_size=\u00a0\u00bb40&Prime; screen_tablet_spacer_size=\u00a0\u00bb20&Prime; screen_mobile_spacer_size=\u00a0\u00bb20&Prime;][vc_column_text]<strong>Pourquoi un code de conduite ?<\/strong><br \/>\nEn tant que service public, le FART doit fonctionner conform\u00e9ment \u00e0 un ensemble de valeurs fondamentales (voir les pages suivantes). L&rsquo;attitude des employ\u00e9s a un impact important sur le climat de travail et l&rsquo;image de l&rsquo;entreprise. L&rsquo;engagement de chaque employ\u00e9 \u00e0 respecter le code est une condition pr\u00e9alable fondamentale pour offrir un service de qualit\u00e9 durable dans le temps.<\/p>\n<p>Le code se veut donc un outil de r\u00e9f\u00e9rence pour l&rsquo;adoption d&rsquo;attitudes et de comportements responsables envers les autres et en particulier envers les clients ; il permet de conna\u00eetre les comportements et les conduites \u00e0 adopter dans l&rsquo;exercice de ses fonctions et de sa profession.[\/vc_column_text][dfd_spacer screen_wide_spacer_size=\u00a0\u00bb40&Prime; screen_normal_resolution=\u00a0\u00bb1024&Prime; screen_tablet_resolution=\u00a0\u00bb800&Prime; screen_mobile_resolution=\u00a0\u00bb480&Prime; screen_normal_spacer_size=\u00a0\u00bb40&Prime; screen_tablet_spacer_size=\u00a0\u00bb20&Prime; screen_mobile_spacer_size=\u00a0\u00bb20&Prime;][dfd_button button_text=\u00a0\u00bbVoir le code d&apos;\u00e9thique de FART SA\u00a0\u00bb main_style=\u00a0\u00bbstyle-2&Prime; buttom_link_src=\u00a0\u00bburl:https%3A%2F%2Ffartiamo.ch%2Fwp-content%2Fuploads%2F2024%2F03%2Fcodice-etico-FART_EXE-stampa.pdf|target:_blank|\u00a0\u00bb box_shadow=\u00a0\u00bbbox_shadow_enable:disable|shadow_horizontal:0|shadow_vertical:15|shadow_blur:50|shadow_spread:0|box_shadow_color:rgba(0%2C0%2C0%2C0.35)\u00a0\u00bb hover_box_shadow=\u00a0\u00bbbox_shadow_enable:disable|shadow_horizontal:0|shadow_vertical:15|shadow_blur:50|shadow_spread:0|box_shadow_color:rgba(0%2C0%2C0%2C0.35)\u00a0\u00bb][dfd_spacer screen_wide_spacer_size=\u00a0\u00bb40&Prime; screen_normal_resolution=\u00a0\u00bb1024&Prime; screen_tablet_resolution=\u00a0\u00bb800&Prime; screen_mobile_resolution=\u00a0\u00bb480&Prime; screen_normal_spacer_size=\u00a0\u00bb40&Prime; screen_tablet_spacer_size=\u00a0\u00bb20&Prime; screen_mobile_spacer_size=\u00a0\u00bb20&Prime;][vc_column_text]<\/p>\n<div class=\"wpb_text_column wpb_content_element\">\n<div class=\"wpb_wrapper\">\n<p>Derni\u00e8re mise \u00e0 jour : 05.03.2024<\/p>\n<\/div>\n<\/div>\n<p>[\/vc_column_text][dfd_spacer screen_wide_spacer_size=\u00a0\u00bb40&Prime; screen_normal_resolution=\u00a0\u00bb1024&Prime; screen_tablet_resolution=\u00a0\u00bb800&Prime; screen_mobile_resolution=\u00a0\u00bb480&Prime; screen_normal_spacer_size=\u00a0\u00bb40&Prime; screen_tablet_spacer_size=\u00a0\u00bb20&Prime; screen_mobile_spacer_size=\u00a0\u00bb20&Prime;][\/vc_column][\/vc_row]<\/p>\n<\/div>","protected":false},"excerpt":{"rendered":"<p>[vc_row][vc_column col_shadow=\u00a0\u00bbbox_shadow_enable:disable|shadow_horizontal:0|shadow_vertical:15|shadow_blur:50|shadow_spread:0|box_shadow_color:rgba(0%2C0%2C0%2C0.35)\u00a0\u00bb col_shadow_hover=\u00a0\u00bbbox_shadow_enable:disable|shadow_horizontal:0|shadow_vertical:15|shadow_blur:50|shadow_spread:0|box_shadow_color:rgba(0%2C0%2C0%2C0.35)\u00a0\u00bb][dfd_spacer screen_wide_spacer_size=\u00a0\u00bb40&Prime; screen_normal_resolution=\u00a0\u00bb1024&Prime; screen_tablet_resolution=\u00a0\u00bb800&Prime; screen_mobile_resolution=\u00a0\u00bb480&Prime; screen_normal_spacer_size=\u00a0\u00bb40&Prime; screen_tablet_spacer_size=\u00a0\u00bb20&Prime; screen_mobile_spacer_size=\u00a0\u00bb20&Prime;][dfd_heading subtitle=\u00a0\u00bb\u00a0\u00bb content_alignment=\u00a0\u00bbtext-left\u00a0\u00bb delimiter_settings=\u00a0\u00bbdelimiter_style:solid|delimiter_width:80|delimiter_height:1&Prime; title_font_options=\u00a0\u00bbtag:h2&Prime; subtitle_font_options=\u00a0\u00bbtag:div\u00a0\u00bb]Code d&rsquo;\u00e9thique[\/dfd_heading][dfd_spacer screen_wide_spacer_size=\u00a0\u00bb40&Prime; screen_normal_resolution=\u00a0\u00bb1024&Prime; screen_tablet_resolution=\u00a0\u00bb800&Prime; screen_mobile_resolution=\u00a0\u00bb480&Prime; screen_normal_spacer_size=\u00a0\u00bb40&Prime; screen_tablet_spacer_size=\u00a0\u00bb20&Prime; screen_mobile_spacer_size=\u00a0\u00bb20&Prime;][vc_column_text]Pourquoi un code de conduite ? En tant<\/p>\n","protected":false},"author":2,"featured_media":0,"parent":0,"menu_order":0,"comment_status":"closed","ping_status":"closed","template":"tmp-page.php","meta":{"inline_featured_image":false,"_monsterinsights_skip_tracking":false,"_monsterinsights_sitenote_active":false,"_monsterinsights_sitenote_note":"","_monsterinsights_sitenote_category":0,"footnotes":""},"class_list":["post-40531","page","type-page","status-publish","hentry"],"yoast_head":"<!-- This site is optimized with the Yoast SEO plugin v27.4 - https:\/\/yoast.com\/product\/yoast-seo-wordpress\/ -->\n<title>Codice etico - fartiamo - FART - Changement d&#039;horaire<\/title>\n<meta name=\"description\" content=\"FART \u2013 Changement d&#039;horaire \u2013 Le d\u00e9veloppement des transports publics dans la r\u00e9gion de Locarno s&#039;inscrit dans le cadre plus large du programme d&#039;agglom\u00e9ration de Locarno...\" \/>\n<meta name=\"robots\" content=\"index, follow, max-snippet:-1, max-image-preview:large, max-video-preview:-1\" \/>\n<link rel=\"canonical\" href=\"https:\/\/fartiamo.ch\/fr\/codice-etico\/\" \/>\n<meta property=\"og:locale\" content=\"fr_FR\" \/>\n<meta property=\"og:type\" content=\"article\" \/>\n<meta property=\"og:title\" content=\"Codice etico - fartiamo - FART - Changement d&#039;horaire\" \/>\n<meta property=\"og:description\" content=\"FART \u2013 Changement d&#039;horaire \u2013 Le d\u00e9veloppement des transports publics dans la r\u00e9gion de Locarno s&#039;inscrit dans le cadre plus large du programme d&#039;agglom\u00e9ration de Locarno...\" \/>\n<meta property=\"og:url\" content=\"https:\/\/fartiamo.ch\/fr\/codice-etico\/\" \/>\n<meta property=\"og:site_name\" content=\"fartiamo\" \/>\n<meta property=\"article:modified_time\" content=\"2025-05-28T10:19:20+00:00\" \/>\n<meta name=\"twitter:card\" content=\"summary_large_image\" \/>\n<meta name=\"twitter:label1\" content=\"Dur\u00e9e de lecture estim\u00e9e\" \/>\n\t<meta name=\"twitter:data1\" content=\"2 minutes\" \/>\n<script type=\"application\/ld+json\" class=\"yoast-schema-graph\">{\"@context\":\"https:\\\/\\\/schema.org\",\"@graph\":[{\"@type\":\"WebPage\",\"@id\":\"https:\\\/\\\/fartiamo.ch\\\/fr\\\/codice-etico\\\/\",\"url\":\"https:\\\/\\\/fartiamo.ch\\\/fr\\\/codice-etico\\\/\",\"name\":\"Codice etico - fartiamo - FART - Changement d'horaire\",\"isPartOf\":{\"@id\":\"http:\\\/\\\/fartiamo.ch\\\/fr\\\/#website\"},\"datePublished\":\"2024-03-04T08:13:35+00:00\",\"dateModified\":\"2025-05-28T10:19:20+00:00\",\"description\":\"FART \u2013 Changement d'horaire \u2013 Le d\u00e9veloppement des transports publics dans la r\u00e9gion de Locarno s'inscrit dans le cadre plus large du programme d'agglom\u00e9ration de Locarno...\",\"breadcrumb\":{\"@id\":\"https:\\\/\\\/fartiamo.ch\\\/fr\\\/codice-etico\\\/#breadcrumb\"},\"inLanguage\":\"fr-FR\",\"potentialAction\":[{\"@type\":\"ReadAction\",\"target\":[\"https:\\\/\\\/fartiamo.ch\\\/fr\\\/codice-etico\\\/\"]}]},{\"@type\":\"BreadcrumbList\",\"@id\":\"https:\\\/\\\/fartiamo.ch\\\/fr\\\/codice-etico\\\/#breadcrumb\",\"itemListElement\":[{\"@type\":\"ListItem\",\"position\":1,\"name\":\"Home\",\"item\":\"https:\\\/\\\/fartiamo.ch\\\/fr\\\/\"},{\"@type\":\"ListItem\",\"position\":2,\"name\":\"Codice etico\"}]},{\"@type\":\"WebSite\",\"@id\":\"http:\\\/\\\/fartiamo.ch\\\/fr\\\/#website\",\"url\":\"http:\\\/\\\/fartiamo.ch\\\/fr\\\/\",\"name\":\"fartiamo\",\"description\":\"Il trasporto che unisce citt\u00e0 e valli\",\"publisher\":{\"@id\":\"http:\\\/\\\/fartiamo.ch\\\/fr\\\/#organization\"},\"potentialAction\":[{\"@type\":\"SearchAction\",\"target\":{\"@type\":\"EntryPoint\",\"urlTemplate\":\"http:\\\/\\\/fartiamo.ch\\\/fr\\\/?s={search_term_string}\"},\"query-input\":{\"@type\":\"PropertyValueSpecification\",\"valueRequired\":true,\"valueName\":\"search_term_string\"}}],\"inLanguage\":\"fr-FR\"},{\"@type\":\"Organization\",\"@id\":\"http:\\\/\\\/fartiamo.ch\\\/fr\\\/#organization\",\"name\":\"FART\",\"url\":\"http:\\\/\\\/fartiamo.ch\\\/fr\\\/\",\"logo\":{\"@type\":\"ImageObject\",\"inLanguage\":\"fr-FR\",\"@id\":\"http:\\\/\\\/fartiamo.ch\\\/fr\\\/#\\\/schema\\\/logo\\\/image\\\/\",\"url\":\"https:\\\/\\\/fartiamo.ch\\\/wp-content\\\/uploads\\\/2020\\\/11\\\/fart_logo_completo.svg\",\"contentUrl\":\"https:\\\/\\\/fartiamo.ch\\\/wp-content\\\/uploads\\\/2020\\\/11\\\/fart_logo_completo.svg\",\"width\":\"1024\",\"height\":\"1024\",\"caption\":\"FART\"},\"image\":{\"@id\":\"http:\\\/\\\/fartiamo.ch\\\/fr\\\/#\\\/schema\\\/logo\\\/image\\\/\"}}]}<\/script>\n<!-- \/ Yoast SEO plugin. -->","yoast_head_json":{"title":"Codice etico - fartiamo - FART - Changement d'horaire","description":"FART \u2013 Changement d'horaire \u2013 Le d\u00e9veloppement des transports publics dans la r\u00e9gion de Locarno s'inscrit dans le cadre plus large du programme d'agglom\u00e9ration de Locarno...","robots":{"index":"index","follow":"follow","max-snippet":"max-snippet:-1","max-image-preview":"max-image-preview:large","max-video-preview":"max-video-preview:-1"},"canonical":"https:\/\/fartiamo.ch\/fr\/codice-etico\/","og_locale":"fr_FR","og_type":"article","og_title":"Codice etico - fartiamo - FART - Changement d'horaire","og_description":"FART \u2013 Changement d'horaire \u2013 Le d\u00e9veloppement des transports publics dans la r\u00e9gion de Locarno s'inscrit dans le cadre plus large du programme d'agglom\u00e9ration de Locarno...","og_url":"https:\/\/fartiamo.ch\/fr\/codice-etico\/","og_site_name":"fartiamo","article_modified_time":"2025-05-28T10:19:20+00:00","twitter_card":"summary_large_image","twitter_misc":{"Dur\u00e9e de lecture estim\u00e9e":"2 minutes"},"schema":{"@context":"https:\/\/schema.org","@graph":[{"@type":"WebPage","@id":"https:\/\/fartiamo.ch\/fr\/codice-etico\/","url":"https:\/\/fartiamo.ch\/fr\/codice-etico\/","name":"Codice etico - fartiamo - FART - Changement d'horaire","isPartOf":{"@id":"http:\/\/fartiamo.ch\/fr\/#website"},"datePublished":"2024-03-04T08:13:35+00:00","dateModified":"2025-05-28T10:19:20+00:00","description":"FART \u2013 Changement d'horaire \u2013 Le d\u00e9veloppement des transports publics dans la r\u00e9gion de Locarno s'inscrit dans le cadre plus large du programme d'agglom\u00e9ration de Locarno...","breadcrumb":{"@id":"https:\/\/fartiamo.ch\/fr\/codice-etico\/#breadcrumb"},"inLanguage":"fr-FR","potentialAction":[{"@type":"ReadAction","target":["https:\/\/fartiamo.ch\/fr\/codice-etico\/"]}]},{"@type":"BreadcrumbList","@id":"https:\/\/fartiamo.ch\/fr\/codice-etico\/#breadcrumb","itemListElement":[{"@type":"ListItem","position":1,"name":"Home","item":"https:\/\/fartiamo.ch\/fr\/"},{"@type":"ListItem","position":2,"name":"Codice etico"}]},{"@type":"WebSite","@id":"http:\/\/fartiamo.ch\/fr\/#website","url":"http:\/\/fartiamo.ch\/fr\/","name":"fartiamo","description":"Il trasporto che unisce citt\u00e0 e valli","publisher":{"@id":"http:\/\/fartiamo.ch\/fr\/#organization"},"potentialAction":[{"@type":"SearchAction","target":{"@type":"EntryPoint","urlTemplate":"http:\/\/fartiamo.ch\/fr\/?s={search_term_string}"},"query-input":{"@type":"PropertyValueSpecification","valueRequired":true,"valueName":"search_term_string"}}],"inLanguage":"fr-FR"},{"@type":"Organization","@id":"http:\/\/fartiamo.ch\/fr\/#organization","name":"FART","url":"http:\/\/fartiamo.ch\/fr\/","logo":{"@type":"ImageObject","inLanguage":"fr-FR","@id":"http:\/\/fartiamo.ch\/fr\/#\/schema\/logo\/image\/","url":"https:\/\/fartiamo.ch\/wp-content\/uploads\/2020\/11\/fart_logo_completo.svg","contentUrl":"https:\/\/fartiamo.ch\/wp-content\/uploads\/2020\/11\/fart_logo_completo.svg","width":"1024","height":"1024","caption":"FART"},"image":{"@id":"http:\/\/fartiamo.ch\/fr\/#\/schema\/logo\/image\/"}}]}},"_links":{"self":[{"href":"https:\/\/fartiamo.ch\/fr\/wp-json\/wp\/v2\/pages\/40531","targetHints":{"allow":["GET"]}}],"collection":[{"href":"https:\/\/fartiamo.ch\/fr\/wp-json\/wp\/v2\/pages"}],"about":[{"href":"https:\/\/fartiamo.ch\/fr\/wp-json\/wp\/v2\/types\/page"}],"author":[{"embeddable":true,"href":"https:\/\/fartiamo.ch\/fr\/wp-json\/wp\/v2\/users\/2"}],"replies":[{"embeddable":true,"href":"https:\/\/fartiamo.ch\/fr\/wp-json\/wp\/v2\/comments?post=40531"}],"version-history":[{"count":5,"href":"https:\/\/fartiamo.ch\/fr\/wp-json\/wp\/v2\/pages\/40531\/revisions"}],"predecessor-version":[{"id":40704,"href":"https:\/\/fartiamo.ch\/fr\/wp-json\/wp\/v2\/pages\/40531\/revisions\/40704"}],"wp:attachment":[{"href":"https:\/\/fartiamo.ch\/fr\/wp-json\/wp\/v2\/media?parent=40531"}],"curies":[{"name":"wp","href":"https:\/\/api.w.org\/{rel}","templated":true}]}}